{"id":108036,"date":"2023-11-25T23:16:33","date_gmt":"2023-11-25T22:16:33","guid":{"rendered":"https:\/\/liguriaestate.com\/?post_type=property&#038;p=108036"},"modified":"2025-02-27T18:19:29","modified_gmt":"2025-02-27T17:19:29","slug":"valtournenche-valle-daosta-appartamento-in-vendita-le-45067-ch2-6","status":"publish","type":"property","link":"https:\/\/liguriaestate.com\/it\/property\/valtournenche-valle-daosta-appartamento-in-vendita-le-45067-ch2-6\/","title":{"rendered":"Appartamento in vendita 98 m\u00b2"},"content":{"rendered":"<h2>Penthouse CH2-6<\/h2>\n<h2>Nuovo complesso residenziale a Valtournenche (centro citt\u00e0) &#8211; &#8220;Les Deux Chalets&#8221;<\/h2>\n<p>Nel &#8220;Cervino Ski Paradise&#8221; di Valtournenche abbiamo questo splendido appartamento in vendita da costruire di 98 m\u00b2.<\/p>\n<p>&#8220;<strong>Les Deux Chalets<\/strong>&#8221; si trova nel villaggio storico di Valtournenche (1.524 metri sul livello del mare) vicino a bar, ristoranti, negozi e a soli 300 metri dalla partenza degli impianti di risalita di Cime Bianche e del comprensorio sciistico CERVINO SKI PARADISE (Breuil-Cervinia &#8211; Valtournenche &#8211; Chamois &#8211; Torgnon &#8211; Zermatt), con oltre 350 km di piste.<\/p>\n<p>Lo chalet fa parte di un complesso composto da due chalet collegati tra loro.<\/p>\n<ul>\n<li>Lo Chalet 1 \u00e8 un&#8217;unit\u00e0 indipendente.<\/li>\n<li>Lo Chalet 2 \u00e8 composto da quattro appartamenti con un prezzo compreso tra 682.000 e 895.000 euro, al netto dell&#8217;IVA del 10% e della commissione d&#8217;agenzia del 3% (IVA esclusa).<\/li>\n<\/ul>\n<p>Nello Chalet 2 \u00e8 in vendita l&#8217;appartamento ch2.6, come descritto di seguito<\/p>\n<p>Tutti i pagamenti di completamento sono garantiti da un deposito cauzionale in conformit\u00e0 con la legge italiana a tutela degli acquirenti.<\/p>\n<h2>Il progetto:<\/h2>\n<p>Il progetto dell&#8217;appartamento \u00e8 ancora in fase di sviluppo al momento in cui scriviamo (novembre 2023), il che significa che i primi acquirenti hanno la possibilit\u00e0 di suggerire modifiche al layout. Se avete esigenze specifiche o una visione personale della planimetria, il nostro architetto \u00e8 disponibile a collaborare con voi.<\/p>\n<p>Appartamento CH2.6:<\/p>\n<ul>\n<li>L&#8217;appartamento CH2.6 si trova al piano terzo (98 m\u00b2) ed \u00e8 composto da: un ampio soggiorno, una cucina aperta, 3 camere da letto e 2 bagni.<\/li>\n<li>Un balcone e una terrazza di 75 m\u00b2<\/li>\n<li>Al livello della strada si trovano un garage, un ripostiglio e un posto auto scoperto.<\/li>\n<\/ul>\n<h2>Architettura moderna sapientemente miscelata con materiali tradizionali<\/h2>\n<p>Costruzione innovativa frutto di un&#8217;attenta progettazione con uno stile moderno e l&#8217;utilizzo di materiali di pregio e di nicchia che conferiscono alla costruzione il gusto e il calore delle case di montagna.<\/p>\n<p>Tecnologie impiantistiche di nuova generazione, isolamento termico e serramenti artigianali garantiscono ai nostri immobili prestazioni energetiche ottimali per bassi costi di gestione e allo stesso tempo i massimi livelli di comfort abitativo.<\/p>\n<h2>Tradizione e innovazione per una casa accogliente<\/h2>\n<p>Utilizzando materiali naturali ed ecocompatibili, portiamo il gusto e il calore della tradizione alpina nella vostra casa.<\/p>\n<p>Un investimento immobiliare sicuro, in una localit\u00e0 sempre pi\u00f9 internazionale, e con la certezza di un apprezzamento garantito nel tempo, questa \u00e8 la casa giusta nel posto giusto, per tutta la famiglia.<\/p>\n<h2>Localizzazione:<\/h2>\n<p>&#8220;<strong>Les Deux Chalets<\/strong>&#8221; si trova nel villaggio storico di Valtournenche (1.524 metri sul livello del mare) vicino a bar, ristoranti, negozi e a soli 300 metri dalla partenza degli impianti di risalita delle Cime Bianche e dal comprensorio sciistico CERVINO SKI PARADISE <a href=\"https:\/\/www. cervinia.it\/it\" target=\"_blank\" rel=\"noopener\">https:\/\/www.cervinia.it\/en<\/a> (Breuil-Cervinia &#8211; Valtournenche &#8211; Chamois &#8211; Torgnon &#8211; Zermatt), con oltre 350 km di piste e uno dei pi\u00f9 grandi comprensori sciistici del mondo.<\/p>\n<h2>Pianificazione:<\/h2>\n<p>Il completamento dello chalet \u00e8 previsto intorno all&#8217;estate 2025.<\/p>\n<h2>Valtournenche<\/h2>\n<p>Valtournenche, immerso nella Valle d&#8217;Aosta, nell&#8217;Italia nord-occidentale, \u00e8 un incantevole villaggio alpino noto per le sue bellezze naturali mozzafiato e per una serie di attivit\u00e0 all&#8217;aria aperta, che lo rendono una deliziosa destinazione per i turisti.<\/p>\n<p><strong>Bellezza alpina:<\/strong> Circondata dalle maestose vette delle Alpi italiane, Valtournenche offre paesaggi mozzafiato, tra cui valli lussureggianti, prati alpini incontaminati e viste panoramiche di cime imponenti.<\/p>\n<p><strong>Sci e sport invernali:<\/strong> Rinomata per le sue eccellenti opportunit\u00e0 sciistiche, Valtournenche fa parte del rinomato Matterhorn Ski Paradise. Offre l&#8217;accesso a diverse piste da sci che soddisfano tutti i livelli di abilit\u00e0, rendendola un paradiso per gli appassionati di sport invernali.<\/p>\n<p><strong>Escursioni e natura:<\/strong> Durante i mesi pi\u00f9 caldi, Valtournenche si trasforma in un paradiso per gli escursionisti e gli amanti della natura. Numerosi sentieri escursionistici si snodano attraverso il terreno alpino, offrendo panorami pittoreschi e accessi a laghi e prati meravigliosi.<\/p>\n<p><strong>Patrimonio culturale:<\/strong> Il villaggio vanta un ricco patrimonio culturale che si riflette nell&#8217;architettura tradizionale alpina, negli edifici storici e nella chiesa parrocchiale di San Pantaleone, che offre ai visitatori uno scorcio del suo passato.<\/p>\n<p><strong>Gastronomia:<\/strong> I visitatori possono abbandonarsi ai sapori della Valle d&#8217;Aosta, assaporando la tradizionale cucina di montagna con specialit\u00e0 locali come la polenta, la fontina e i salumi.<\/p>\n<p><strong>Accessibilit\u00e0:<\/strong> Valtournenche \u00e8 facilmente raggiungibile su strada e funge da base ideale per esplorare le vicine attrazioni della Valle d&#8217;Aosta, tra cui le sue citt\u00e0 storiche e le sue meraviglie naturali.<\/p>\n<p>In generale, Valtournenche offre un mix di avventura all&#8217;aria aperta, paesaggi naturali mozzafiato e una serena atmosfera di montagna, che la rendono una destinazione ideale per i turisti che cercano sia attivit\u00e0 all&#8217;aria aperta che un assaggio della cultura alpina.<\/p>\n","protected":false},"excerpt":{"rendered":"<p>Penthouse CH2-6 Nuovo complesso residenziale a Valtournenche (centro citt\u00e0) &#8211; &#8220;Les Deux Chalets&#8221; Nel &#8220;Cervino Ski Paradise&#8221; di Valtournenche abbiamo questo splendido appartamento in vendita da costruire di 98 m\u00b2. &#8220;Les Deux Chalets&#8221; si trova nel villaggio storico di Valtournenche (1.524 metri sul livello del mare) vicino a bar, ristoranti, negozi e a soli 300&#8230;<\/p>\n","protected":false},"author":1,"featured_media":108043,"parent":0,"menu_order":0,"template":"","property-feature":[363,364,347,349,360,362],"property-type":[210,225],"property-city":[4331],"property-status":[152],"class_list":["post-108036","property","type-property","status-publish","has-post-thumbnail","hentry","property-feature-proprieta-con-accesso-ad-internet","property-feature-proprieta-con-strada-di-accesso-in-asfalto","property-feature-proprieta-con-garage","property-feature-proprieta-con-parcheggio-privato","property-feature-proprieta-con-portico","property-feature-proprieta-con-riscaldamento-autonomo","property-type-appartamenti","property-type-loft-mansarde","property-city-valtournenche-it","property-status-in-vendita"],"acf":[],"property_meta":{"REAL_HOMES_property_price":"895000","REAL_HOMES_property_old_price":"","REAL_HOMES_property_price_prefix":"","REAL_HOMES_property_price_postfix":"","REAL_HOMES_property_size":"98","REAL_HOMES_property_size_postfix":"m\u00b2","REAL_HOMES_property_lot_size":"","REAL_HOMES_property_lot_size_postfix":"","REAL_HOMES_property_bedrooms":"2","REAL_HOMES_property_bathrooms":"2","REAL_HOMES_property_garage":"1","REAL_HOMES_property_id":"le-45067-ch2.6","REAL_HOMES_property_year_built":"2025","REAL_HOMES_featured":"0","REAL_HOMES_additional_details_list":[],"REAL_HOMES_property_location":{"latitude":"45.88070903187","longitude":"7.6241699867593","zoom":"12"},"REAL_HOMES_property_address":"Tourtourouse, Evette, Valtournenche, Valle d'Aosta, 11028, Itali\u00eb","REAL_HOMES_property_map":"0","REAL_HOMES_property_images":[{"width":150,"height":150,"file":"2023\/11\/Valtournenche-Aosta-Valley-apartment-for-sale-le-45067-ch2-6-100.jpg","filesize":248069,"sizes":{"medium":{"file":"Valtournenche-Aosta-Valley-apartment-for-sale-le-45067-ch2-6-100-300x200.jpg","width":300,"height":200,"mime-type":"image\/jpeg","filesize":22991,"url":"https:\/\/liguriaestate.com\/wp-content\/uploads\/2023\/11\/Valtournenche-Aosta-Valley-apartment-for-sale-le-45067-ch2-6-100-300x200.jpg"},"thumbnail":{"file":"Valtournenche-Aosta-Valley-apartment-for-sale-le-45067-ch2-6-100-150x150.jpg","width":150,"height":150,"mime-type":"image\/jpeg","filesize":9473,"url":"https:\/\/liguriaestate.com\/wp-content\/uploads\/2023\/11\/Valtournenche-Aosta-Valley-apartment-for-sale-le-45067-ch2-6-100-150x150.jpg"},"medium_large":{"file":"Valtournenche-Aosta-Valley-apartment-for-sale-le-45067-ch2-6-100-768x512.jpg","width":768,"height":512,"mime-type":"image\/jpeg","filesize":119011,"url":"https:\/\/liguriaestate.com\/wp-content\/uploads\/2023\/11\/Valtournenche-Aosta-Valley-apartment-for-sale-le-45067-ch2-6-100-768x512.jpg"},"et-pb-post-main-image":{"file":"Valtournenche-Aosta-Valley-apartment-for-sale-le-45067-ch2-6-100-400x250.jpg","width":400,"height":250,"mime-type":"image\/jpeg","filesize":36935,"url":"https:\/\/liguriaestate.com\/wp-content\/uploads\/2023\/11\/Valtournenche-Aosta-Valley-apartment-for-sale-le-45067-ch2-6-100-400x250.jpg"},"et-pb-portfolio-image":{"file":"Valtournenche-Aosta-Valley-apartment-for-sale-le-45067-ch2-6-100-400x284.jpg","width":400,"height":284,"mime-type":"image\/jpeg","filesize":40398,"url":"https:\/\/liguriaestate.com\/wp-content\/uploads\/2023\/11\/Valtournenche-Aosta-Valley-apartment-for-sale-le-45067-ch2-6-100-400x284.jpg"},"et-pb-portfolio-module-image":{"file":"Valtournenche-Aosta-Valley-apartment-for-sale-le-45067-ch2-6-100-510x382.jpg","width":510,"height":382,"mime-type":"image\/jpeg","filesize":64526,"url":"https:\/\/liguriaestate.com\/wp-content\/uploads\/2023\/11\/Valtournenche-Aosta-Valley-apartment-for-sale-le-45067-ch2-6-100-510x382.jpg"},"et-pb-gallery-module-image-portrait":{"file":"Valtournenche-Aosta-Valley-apartment-for-sale-le-45067-ch2-6-100-400x516.jpg","width":400,"height":516,"mime-type":"image\/jpeg","filesize":62082,"url":"https:\/\/liguriaestate.com\/wp-content\/uploads\/2023\/11\/Valtournenche-Aosta-Valley-apartment-for-sale-le-45067-ch2-6-100-400x516.jpg"},"post-thumbnail":{"file":"Valtournenche-Aosta-Valley-apartment-for-sale-le-45067-ch2-6-100-150x100.jpg","width":150,"height":100,"mime-type":"image\/jpeg","filesize":6914,"url":"https:\/\/liguriaestate.com\/wp-content\/uploads\/2023\/11\/Valtournenche-Aosta-Valley-apartment-for-sale-le-45067-ch2-6-100-150x100.jpg"},"modern-property-child-slider":{"file":"Valtournenche-Aosta-Valley-apartment-for-sale-le-45067-ch2-6-100-680x510.jpg","width":680,"height":510,"mime-type":"image\/jpeg","filesize":105648,"url":"https:\/\/liguriaestate.com\/wp-content\/uploads\/2023\/11\/Valtournenche-Aosta-Valley-apartment-for-sale-le-45067-ch2-6-100-680x510.jpg"},"property-thumb-image":{"file":"Valtournenche-Aosta-Valley-apartment-for-sale-le-45067-ch2-6-100-488x326.jpg","width":488,"height":326,"mime-type":"image\/jpeg","filesize":54771,"url":"https:\/\/liguriaestate.com\/wp-content\/uploads\/2023\/11\/Valtournenche-Aosta-Valley-apartment-for-sale-le-45067-ch2-6-100-488x326.jpg"},"property-detail-video-image":{"file":"Valtournenche-Aosta-Valley-apartment-for-sale-le-45067-ch2-6-100-818x417.jpg","width":818,"height":417,"mime-type":"image\/jpeg","filesize":107655,"url":"https:\/\/liguriaestate.com\/wp-content\/uploads\/2023\/11\/Valtournenche-Aosta-Valley-apartment-for-sale-le-45067-ch2-6-100-818x417.jpg"},"agent-image":{"file":"Valtournenche-Aosta-Valley-apartment-for-sale-le-45067-ch2-6-100-210x210.jpg","width":210,"height":210,"mime-type":"image\/jpeg","filesize":17136,"url":"https:\/\/liguriaestate.com\/wp-content\/uploads\/2023\/11\/Valtournenche-Aosta-Valley-apartment-for-sale-le-45067-ch2-6-100-210x210.jpg"},"partners-logo":{"file":"Valtournenche-Aosta-Valley-apartment-for-sale-le-45067-ch2-6-100-600x667.jpg","width":600,"height":667,"mime-type":"image\/jpeg","filesize":126607,"url":"https:\/\/liguriaestate.com\/wp-content\/uploads\/2023\/11\/Valtournenche-Aosta-Valley-apartment-for-sale-le-45067-ch2-6-100-600x667.jpg"}},"image_meta":{"aperture":"0","credit":"","camera":"","caption":"","created_timestamp":"0","copyright":"","focal_length":"0","iso":"0","shutter_speed":"0","title":"","orientation":"1","keywords":[]},"ID":"107993","name":"Valtournenche-Aosta-Valley-apartment-for-sale-le-45067-ch2-6-100.jpg","path":"\/home\/xitnef6\/domains\/liguriaestate.com\/public_html\/wp-content\/uploads\/2023\/11\/Valtournenche-Aosta-Valley-apartment-for-sale-le-45067-ch2-6-100.jpg","url":"https:\/\/liguriaestate.com\/wp-content\/uploads\/2023\/11\/Valtournenche-Aosta-Valley-apartment-for-sale-le-45067-ch2-6-100-150x150.jpg","full_url":"https:\/\/liguriaestate.com\/wp-content\/uploads\/2023\/11\/Valtournenche-Aosta-Valley-apartment-for-sale-le-45067-ch2-6-100.jpg","title":"Valtournenche-Aosta Valley-apartment-for-sale-le-45067-ch2-6-100","caption":"","description":"","alt":"","srcset":"https:\/\/liguriaestate.com\/wp-content\/uploads\/2023\/11\/Valtournenche-Aosta-Valley-apartment-for-sale-le-45067-ch2-6-100-150x150.jpg 150w, https:\/\/liguriaestate.com\/wp-content\/uploads\/2023\/11\/Valtournenche-Aosta-Valley-apartment-for-sale-le-45067-ch2-6-100-210x210.jpg 210w"},{"width":150,"height":150,"file":"2023\/11\/Valtournenche-Aosta-Valley-apartment-for-sale-le-45067-ch2-6-101.jpg","filesize":195144,"sizes":{"medium":{"file":"Valtournenche-Aosta-Valley-apartment-for-sale-le-45067-ch2-6-101-300x200.jpg","width":300,"height":200,"mime-type":"image\/jpeg","filesize":17317,"url":"https:\/\/liguriaestate.com\/wp-content\/uploads\/2023\/11\/Valtournenche-Aosta-Valley-apartment-for-sale-le-45067-ch2-6-101-300x200.jpg"},"thumbnail":{"file":"Valtournenche-Aosta-Valley-apartment-for-sale-le-45067-ch2-6-101-150x150.jpg","width":150,"height":150,"mime-type":"image\/jpeg","filesize":7509,"url":"https:\/\/liguriaestate.com\/wp-content\/uploads\/2023\/11\/Valtournenche-Aosta-Valley-apartment-for-sale-le-45067-ch2-6-101-150x150.jpg"},"medium_large":{"file":"Valtournenche-Aosta-Valley-apartment-for-sale-le-45067-ch2-6-101-768x512.jpg","width":768,"height":512,"mime-type":"image\/jpeg","filesize":89780,"url":"https:\/\/liguriaestate.com\/wp-content\/uploads\/2023\/11\/Valtournenche-Aosta-Valley-apartment-for-sale-le-45067-ch2-6-101-768x512.jpg"},"et-pb-post-main-image":{"file":"Valtournenche-Aosta-Valley-apartment-for-sale-le-45067-ch2-6-101-400x250.jpg","width":400,"height":250,"mime-type":"image\/jpeg","filesize":27642,"url":"https:\/\/liguriaestate.com\/wp-content\/uploads\/2023\/11\/Valtournenche-Aosta-Valley-apartment-for-sale-le-45067-ch2-6-101-400x250.jpg"},"et-pb-portfolio-image":{"file":"Valtournenche-Aosta-Valley-apartment-for-sale-le-45067-ch2-6-101-400x284.jpg","width":400,"height":284,"mime-type":"image\/jpeg","filesize":30882,"url":"https:\/\/liguriaestate.com\/wp-content\/uploads\/2023\/11\/Valtournenche-Aosta-Valley-apartment-for-sale-le-45067-ch2-6-101-400x284.jpg"},"et-pb-portfolio-module-image":{"file":"Valtournenche-Aosta-Valley-apartment-for-sale-le-45067-ch2-6-101-510x382.jpg","width":510,"height":382,"mime-type":"image\/jpeg","filesize":49558,"url":"https:\/\/liguriaestate.com\/wp-content\/uploads\/2023\/11\/Valtournenche-Aosta-Valley-apartment-for-sale-le-45067-ch2-6-101-510x382.jpg"},"et-pb-gallery-module-image-portrait":{"file":"Valtournenche-Aosta-Valley-apartment-for-sale-le-45067-ch2-6-101-400x516.jpg","width":400,"height":516,"mime-type":"image\/jpeg","filesize":46702,"url":"https:\/\/liguriaestate.com\/wp-content\/uploads\/2023\/11\/Valtournenche-Aosta-Valley-apartment-for-sale-le-45067-ch2-6-101-400x516.jpg"},"post-thumbnail":{"file":"Valtournenche-Aosta-Valley-apartment-for-sale-le-45067-ch2-6-101-150x100.jpg","width":150,"height":100,"mime-type":"image\/jpeg","filesize":5619,"url":"https:\/\/liguriaestate.com\/wp-content\/uploads\/2023\/11\/Valtournenche-Aosta-Valley-apartment-for-sale-le-45067-ch2-6-101-150x100.jpg"},"modern-property-child-slider":{"file":"Valtournenche-Aosta-Valley-apartment-for-sale-le-45067-ch2-6-101-680x510.jpg","width":680,"height":510,"mime-type":"image\/jpeg","filesize":81586,"url":"https:\/\/liguriaestate.com\/wp-content\/uploads\/2023\/11\/Valtournenche-Aosta-Valley-apartment-for-sale-le-45067-ch2-6-101-680x510.jpg"},"property-thumb-image":{"file":"Valtournenche-Aosta-Valley-apartment-for-sale-le-45067-ch2-6-101-488x326.jpg","width":488,"height":326,"mime-type":"image\/jpeg","filesize":40586,"url":"https:\/\/liguriaestate.com\/wp-content\/uploads\/2023\/11\/Valtournenche-Aosta-Valley-apartment-for-sale-le-45067-ch2-6-101-488x326.jpg"},"property-detail-video-image":{"file":"Valtournenche-Aosta-Valley-apartment-for-sale-le-45067-ch2-6-101-818x417.jpg","width":818,"height":417,"mime-type":"image\/jpeg","filesize":76938,"url":"https:\/\/liguriaestate.com\/wp-content\/uploads\/2023\/11\/Valtournenche-Aosta-Valley-apartment-for-sale-le-45067-ch2-6-101-818x417.jpg"},"agent-image":{"file":"Valtournenche-Aosta-Valley-apartment-for-sale-le-45067-ch2-6-101-210x210.jpg","width":210,"height":210,"mime-type":"image\/jpeg","filesize":13373,"url":"https:\/\/liguriaestate.com\/wp-content\/uploads\/2023\/11\/Valtournenche-Aosta-Valley-apartment-for-sale-le-45067-ch2-6-101-210x210.jpg"},"partners-logo":{"file":"Valtournenche-Aosta-Valley-apartment-for-sale-le-45067-ch2-6-101-600x667.jpg","width":600,"height":667,"mime-type":"image\/jpeg","filesize":99070,"url":"https:\/\/liguriaestate.com\/wp-content\/uploads\/2023\/11\/Valtournenche-Aosta-Valley-apartment-for-sale-le-45067-ch2-6-101-600x667.jpg"}},"image_meta":{"aperture":"0","credit":"","camera":"","caption":"","created_timestamp":"0","copyright":"","focal_length":"0","iso":"0","shutter_speed":"0","title":"","orientation":"1","keywords":[]},"ID":"107996","name":"Valtournenche-Aosta-Valley-apartment-for-sale-le-45067-ch2-6-101.jpg","path":"\/home\/xitnef6\/domains\/liguriaestate.com\/public_html\/wp-content\/uploads\/2023\/11\/Valtournenche-Aosta-Valley-apartment-for-sale-le-45067-ch2-6-101.jpg","url":"https:\/\/liguriaestate.com\/wp-content\/uploads\/2023\/11\/Valtournenche-Aosta-Valley-apartment-for-sale-le-45067-ch2-6-101-150x150.jpg","full_url":"https:\/\/liguriaestate.com\/wp-content\/uploads\/2023\/11\/Valtournenche-Aosta-Valley-apartment-for-sale-le-45067-ch2-6-101.jpg","title":"Valtournenche-Aosta Valley-apartment-for-sale-le-45067-ch2-6-101","caption":"","description":"","alt":"","srcset":"https:\/\/liguriaestate.com\/wp-content\/uploads\/2023\/11\/Valtournenche-Aosta-Valley-apartment-for-sale-le-45067-ch2-6-101-150x150.jpg 150w, https:\/\/liguriaestate.com\/wp-content\/uploads\/2023\/11\/Valtournenche-Aosta-Valley-apartment-for-sale-le-45067-ch2-6-101-210x210.jpg 210w"},{"width":150,"height":150,"file":"2023\/11\/Valtournenche-Aosta-Valley-apartment-for-sale-le-45067-ch2-6-104.jpg","filesize":295175,"sizes":{"medium":{"file":"Valtournenche-Aosta-Valley-apartment-for-sale-le-45067-ch2-6-104-300x200.jpg","width":300,"height":200,"mime-type":"image\/jpeg","filesize":23774,"url":"https:\/\/liguriaestate.com\/wp-content\/uploads\/2023\/11\/Valtournenche-Aosta-Valley-apartment-for-sale-le-45067-ch2-6-104-300x200.jpg"},"thumbnail":{"file":"Valtournenche-Aosta-Valley-apartment-for-sale-le-45067-ch2-6-104-150x150.jpg","width":150,"height":150,"mime-type":"image\/jpeg","filesize":9645,"url":"https:\/\/liguriaestate.com\/wp-content\/uploads\/2023\/11\/Valtournenche-Aosta-Valley-apartment-for-sale-le-45067-ch2-6-104-150x150.jpg"},"medium_large":{"file":"Valtournenche-Aosta-Valley-apartment-for-sale-le-45067-ch2-6-104-768x512.jpg","width":768,"height":512,"mime-type":"image\/jpeg","filesize":136008,"url":"https:\/\/liguriaestate.com\/wp-content\/uploads\/2023\/11\/Valtournenche-Aosta-Valley-apartment-for-sale-le-45067-ch2-6-104-768x512.jpg"},"et-pb-post-main-image":{"file":"Valtournenche-Aosta-Valley-apartment-for-sale-le-45067-ch2-6-104-400x250.jpg","width":400,"height":250,"mime-type":"image\/jpeg","filesize":39539,"url":"https:\/\/liguriaestate.com\/wp-content\/uploads\/2023\/11\/Valtournenche-Aosta-Valley-apartment-for-sale-le-45067-ch2-6-104-400x250.jpg"},"et-pb-portfolio-image":{"file":"Valtournenche-Aosta-Valley-apartment-for-sale-le-45067-ch2-6-104-400x284.jpg","width":400,"height":284,"mime-type":"image\/jpeg","filesize":43409,"url":"https:\/\/liguriaestate.com\/wp-content\/uploads\/2023\/11\/Valtournenche-Aosta-Valley-apartment-for-sale-le-45067-ch2-6-104-400x284.jpg"},"et-pb-portfolio-module-image":{"file":"Valtournenche-Aosta-Valley-apartment-for-sale-le-45067-ch2-6-104-510x382.jpg","width":510,"height":382,"mime-type":"image\/jpeg","filesize":71963,"url":"https:\/\/liguriaestate.com\/wp-content\/uploads\/2023\/11\/Valtournenche-Aosta-Valley-apartment-for-sale-le-45067-ch2-6-104-510x382.jpg"},"et-pb-gallery-module-image-portrait":{"file":"Valtournenche-Aosta-Valley-apartment-for-sale-le-45067-ch2-6-104-400x516.jpg","width":400,"height":516,"mime-type":"image\/jpeg","filesize":70597,"url":"https:\/\/liguriaestate.com\/wp-content\/uploads\/2023\/11\/Valtournenche-Aosta-Valley-apartment-for-sale-le-45067-ch2-6-104-400x516.jpg"},"post-thumbnail":{"file":"Valtournenche-Aosta-Valley-apartment-for-sale-le-45067-ch2-6-104-150x100.jpg","width":150,"height":100,"mime-type":"image\/jpeg","filesize":7054,"url":"https:\/\/liguriaestate.com\/wp-content\/uploads\/2023\/11\/Valtournenche-Aosta-Valley-apartment-for-sale-le-45067-ch2-6-104-150x100.jpg"},"modern-property-child-slider":{"file":"Valtournenche-Aosta-Valley-apartment-for-sale-le-45067-ch2-6-104-680x510.jpg","width":680,"height":510,"mime-type":"image\/jpeg","filesize":119352,"url":"https:\/\/liguriaestate.com\/wp-content\/uploads\/2023\/11\/Valtournenche-Aosta-Valley-apartment-for-sale-le-45067-ch2-6-104-680x510.jpg"},"property-thumb-image":{"file":"Valtournenche-Aosta-Valley-apartment-for-sale-le-45067-ch2-6-104-488x326.jpg","width":488,"height":326,"mime-type":"image\/jpeg","filesize":59984,"url":"https:\/\/liguriaestate.com\/wp-content\/uploads\/2023\/11\/Valtournenche-Aosta-Valley-apartment-for-sale-le-45067-ch2-6-104-488x326.jpg"},"property-detail-video-image":{"file":"Valtournenche-Aosta-Valley-apartment-for-sale-le-45067-ch2-6-104-818x417.jpg","width":818,"height":417,"mime-type":"image\/jpeg","filesize":119289,"url":"https:\/\/liguriaestate.com\/wp-content\/uploads\/2023\/11\/Valtournenche-Aosta-Valley-apartment-for-sale-le-45067-ch2-6-104-818x417.jpg"},"agent-image":{"file":"Valtournenche-Aosta-Valley-apartment-for-sale-le-45067-ch2-6-104-210x210.jpg","width":210,"height":210,"mime-type":"image\/jpeg","filesize":18187,"url":"https:\/\/liguriaestate.com\/wp-content\/uploads\/2023\/11\/Valtournenche-Aosta-Valley-apartment-for-sale-le-45067-ch2-6-104-210x210.jpg"},"partners-logo":{"file":"Valtournenche-Aosta-Valley-apartment-for-sale-le-45067-ch2-6-104-600x667.jpg","width":600,"height":667,"mime-type":"image\/jpeg","filesize":146342,"url":"https:\/\/liguriaestate.com\/wp-content\/uploads\/2023\/11\/Valtournenche-Aosta-Valley-apartment-for-sale-le-45067-ch2-6-104-600x667.jpg"}},"image_meta":{"aperture":"0","credit":"","camera":"","caption":"","created_timestamp":"0","copyright":"","focal_length":"0","iso":"0","shutter_speed":"0","title":"","orientation":"1","keywords":[]},"ID":"108005","name":"Valtournenche-Aosta-Valley-apartment-for-sale-le-45067-ch2-6-104.jpg","path":"\/home\/xitnef6\/domains\/liguriaestate.com\/public_html\/wp-content\/uploads\/2023\/11\/Valtournenche-Aosta-Valley-apartment-for-sale-le-45067-ch2-6-104.jpg","url":"https:\/\/liguriaestate.com\/wp-content\/uploads\/2023\/11\/Valtournenche-Aosta-Valley-apartment-for-sale-le-45067-ch2-6-104-150x150.jpg","full_url":"https:\/\/liguriaestate.com\/wp-content\/uploads\/2023\/11\/Valtournenche-Aosta-Valley-apartment-for-sale-le-45067-ch2-6-104.jpg","title":"Valtournenche-Aosta Valley-apartment-for-sale-le-45067-ch2-6-104","caption":"","description":"","alt":"","srcset":"https:\/\/liguriaestate.com\/wp-content\/uploads\/2023\/11\/Valtournenche-Aosta-Valley-apartment-for-sale-le-45067-ch2-6-104-150x150.jpg 150w, https:\/\/liguriaestate.com\/wp-content\/uploads\/2023\/11\/Valtournenche-Aosta-Valley-apartment-for-sale-le-45067-ch2-6-104-210x210.jpg 210w"},{"width":150,"height":150,"file":"2023\/11\/Valtournenche-Aosta-Valley-apartment-for-sale-le-45067-ch2-6-105.jpg","filesize":216028,"sizes":{"medium":{"file":"Valtournenche-Aosta-Valley-apartment-for-sale-le-45067-ch2-6-105-300x200.jpg","width":300,"height":200,"mime-type":"image\/jpeg","filesize":17809,"url":"https:\/\/liguriaestate.com\/wp-content\/uploads\/2023\/11\/Valtournenche-Aosta-Valley-apartment-for-sale-le-45067-ch2-6-105-300x200.jpg"},"thumbnail":{"file":"Valtournenche-Aosta-Valley-apartment-for-sale-le-45067-ch2-6-105-150x150.jpg","width":150,"height":150,"mime-type":"image\/jpeg","filesize":7752,"url":"https:\/\/liguriaestate.com\/wp-content\/uploads\/2023\/11\/Valtournenche-Aosta-Valley-apartment-for-sale-le-45067-ch2-6-105-150x150.jpg"},"medium_large":{"file":"Valtournenche-Aosta-Valley-apartment-for-sale-le-45067-ch2-6-105-768x512.jpg","width":768,"height":512,"mime-type":"image\/jpeg","filesize":95282,"url":"https:\/\/liguriaestate.com\/wp-content\/uploads\/2023\/11\/Valtournenche-Aosta-Valley-apartment-for-sale-le-45067-ch2-6-105-768x512.jpg"},"et-pb-post-main-image":{"file":"Valtournenche-Aosta-Valley-apartment-for-sale-le-45067-ch2-6-105-400x250.jpg","width":400,"height":250,"mime-type":"image\/jpeg","filesize":29028,"url":"https:\/\/liguriaestate.com\/wp-content\/uploads\/2023\/11\/Valtournenche-Aosta-Valley-apartment-for-sale-le-45067-ch2-6-105-400x250.jpg"},"et-pb-portfolio-image":{"file":"Valtournenche-Aosta-Valley-apartment-for-sale-le-45067-ch2-6-105-400x284.jpg","width":400,"height":284,"mime-type":"image\/jpeg","filesize":31841,"url":"https:\/\/liguriaestate.com\/wp-content\/uploads\/2023\/11\/Valtournenche-Aosta-Valley-apartment-for-sale-le-45067-ch2-6-105-400x284.jpg"},"et-pb-portfolio-module-image":{"file":"Valtournenche-Aosta-Valley-apartment-for-sale-le-45067-ch2-6-105-510x382.jpg","width":510,"height":382,"mime-type":"image\/jpeg","filesize":51594,"url":"https:\/\/liguriaestate.com\/wp-content\/uploads\/2023\/11\/Valtournenche-Aosta-Valley-apartment-for-sale-le-45067-ch2-6-105-510x382.jpg"},"et-pb-gallery-module-image-portrait":{"file":"Valtournenche-Aosta-Valley-apartment-for-sale-le-45067-ch2-6-105-400x516.jpg","width":400,"height":516,"mime-type":"image\/jpeg","filesize":49877,"url":"https:\/\/liguriaestate.com\/wp-content\/uploads\/2023\/11\/Valtournenche-Aosta-Valley-apartment-for-sale-le-45067-ch2-6-105-400x516.jpg"},"post-thumbnail":{"file":"Valtournenche-Aosta-Valley-apartment-for-sale-le-45067-ch2-6-105-150x100.jpg","width":150,"height":100,"mime-type":"image\/jpeg","filesize":5663,"url":"https:\/\/liguriaestate.com\/wp-content\/uploads\/2023\/11\/Valtournenche-Aosta-Valley-apartment-for-sale-le-45067-ch2-6-105-150x100.jpg"},"modern-property-child-slider":{"file":"Valtournenche-Aosta-Valley-apartment-for-sale-le-45067-ch2-6-105-680x510.jpg","width":680,"height":510,"mime-type":"image\/jpeg","filesize":84294,"url":"https:\/\/liguriaestate.com\/wp-content\/uploads\/2023\/11\/Valtournenche-Aosta-Valley-apartment-for-sale-le-45067-ch2-6-105-680x510.jpg"},"property-thumb-image":{"file":"Valtournenche-Aosta-Valley-apartment-for-sale-le-45067-ch2-6-105-488x326.jpg","width":488,"height":326,"mime-type":"image\/jpeg","filesize":42971,"url":"https:\/\/liguriaestate.com\/wp-content\/uploads\/2023\/11\/Valtournenche-Aosta-Valley-apartment-for-sale-le-45067-ch2-6-105-488x326.jpg"},"property-detail-video-image":{"file":"Valtournenche-Aosta-Valley-apartment-for-sale-le-45067-ch2-6-105-818x417.jpg","width":818,"height":417,"mime-type":"image\/jpeg","filesize":87044,"url":"https:\/\/liguriaestate.com\/wp-content\/uploads\/2023\/11\/Valtournenche-Aosta-Valley-apartment-for-sale-le-45067-ch2-6-105-818x417.jpg"},"agent-image":{"file":"Valtournenche-Aosta-Valley-apartment-for-sale-le-45067-ch2-6-105-210x210.jpg","width":210,"height":210,"mime-type":"image\/jpeg","filesize":13928,"url":"https:\/\/liguriaestate.com\/wp-content\/uploads\/2023\/11\/Valtournenche-Aosta-Valley-apartment-for-sale-le-45067-ch2-6-105-210x210.jpg"},"partners-logo":{"file":"Valtournenche-Aosta-Valley-apartment-for-sale-le-45067-ch2-6-105-600x667.jpg","width":600,"height":667,"mime-type":"image\/jpeg","filesize":102699,"url":"https:\/\/liguriaestate.com\/wp-content\/uploads\/2023\/11\/Valtournenche-Aosta-Valley-apartment-for-sale-le-45067-ch2-6-105-600x667.jpg"}},"image_meta":{"aperture":"0","credit":"","camera":"","caption":"","created_timestamp":"0","copyright":"","focal_length":"0","iso":"0","shutter_speed":"0","title":"","orientation":"1","keywords":[]},"ID":"108008","name":"Valtournenche-Aosta-Valley-apartment-for-sale-le-45067-ch2-6-105.jpg","path":"\/home\/xitnef6\/domains\/liguriaestate.com\/public_html\/wp-content\/uploads\/2023\/11\/Valtournenche-Aosta-Valley-apartment-for-sale-le-45067-ch2-6-105.jpg","url":"https:\/\/liguriaestate.com\/wp-content\/uploads\/2023\/11\/Valtournenche-Aosta-Valley-apartment-for-sale-le-45067-ch2-6-105-150x150.jpg","full_url":"https:\/\/liguriaestate.com\/wp-content\/uploads\/2023\/11\/Valtournenche-Aosta-Valley-apartment-for-sale-le-45067-ch2-6-105.jpg","title":"Valtournenche-Aosta Valley-apartment-for-sale-le-45067-ch2-6-105","caption":"","description":"","alt":"","srcset":"https:\/\/liguriaestate.com\/wp-content\/uploads\/2023\/11\/Valtournenche-Aosta-Valley-apartment-for-sale-le-45067-ch2-6-105-150x150.jpg 150w, https:\/\/liguriaestate.com\/wp-content\/uploads\/2023\/11\/Valtournenche-Aosta-Valley-apartment-for-sale-le-45067-ch2-6-105-210x210.jpg 210w"},{"width":150,"height":150,"file":"2023\/11\/Valtournenche-Aosta-Valley-apartment-for-sale-le-45067-ch2-6-106.jpg","filesize":400025,"sizes":{"medium":{"file":"Valtournenche-Aosta-Valley-apartment-for-sale-le-45067-ch2-6-106-210x300.jpg","width":210,"height":300,"mime-type":"image\/jpeg","filesize":18771,"url":"https:\/\/liguriaestate.com\/wp-content\/uploads\/2023\/11\/Valtournenche-Aosta-Valley-apartment-for-sale-le-45067-ch2-6-106-210x300.jpg"},"large":{"file":"Valtournenche-Aosta-Valley-apartment-for-sale-le-45067-ch2-6-106-717x1024.jpg","width":717,"height":1024,"mime-type":"image\/jpeg","filesize":172414,"url":"https:\/\/liguriaestate.com\/wp-content\/uploads\/2023\/11\/Valtournenche-Aosta-Valley-apartment-for-sale-le-45067-ch2-6-106-717x1024.jpg"},"thumbnail":{"file":"Valtournenche-Aosta-Valley-apartment-for-sale-le-45067-ch2-6-106-150x150.jpg","width":150,"height":150,"mime-type":"image\/jpeg","filesize":8151,"url":"https:\/\/liguriaestate.com\/wp-content\/uploads\/2023\/11\/Valtournenche-Aosta-Valley-apartment-for-sale-le-45067-ch2-6-106-150x150.jpg"},"medium_large":{"file":"Valtournenche-Aosta-Valley-apartment-for-sale-le-45067-ch2-6-106-768x1097.jpg","width":768,"height":1097,"mime-type":"image\/jpeg","filesize":193442,"url":"https:\/\/liguriaestate.com\/wp-content\/uploads\/2023\/11\/Valtournenche-Aosta-Valley-apartment-for-sale-le-45067-ch2-6-106-768x1097.jpg"},"et-pb-post-main-image":{"file":"Valtournenche-Aosta-Valley-apartment-for-sale-le-45067-ch2-6-106-400x250.jpg","width":400,"height":250,"mime-type":"image\/jpeg","filesize":30301,"url":"https:\/\/liguriaestate.com\/wp-content\/uploads\/2023\/11\/Valtournenche-Aosta-Valley-apartment-for-sale-le-45067-ch2-6-106-400x250.jpg"},"et-pb-post-main-image-fullwidth":{"file":"Valtournenche-Aosta-Valley-apartment-for-sale-le-45067-ch2-6-106-1000x675.jpg","width":1000,"height":675,"mime-type":"image\/jpeg","filesize":180975,"url":"https:\/\/liguriaestate.com\/wp-content\/uploads\/2023\/11\/Valtournenche-Aosta-Valley-apartment-for-sale-le-45067-ch2-6-106-1000x675.jpg"},"et-pb-portfolio-image":{"file":"Valtournenche-Aosta-Valley-apartment-for-sale-le-45067-ch2-6-106-400x284.jpg","width":400,"height":284,"mime-type":"image\/jpeg","filesize":34489,"url":"https:\/\/liguriaestate.com\/wp-content\/uploads\/2023\/11\/Valtournenche-Aosta-Valley-apartment-for-sale-le-45067-ch2-6-106-400x284.jpg"},"et-pb-portfolio-module-image":{"file":"Valtournenche-Aosta-Valley-apartment-for-sale-le-45067-ch2-6-106-510x382.jpg","width":510,"height":382,"mime-type":"image\/jpeg","filesize":56352,"url":"https:\/\/liguriaestate.com\/wp-content\/uploads\/2023\/11\/Valtournenche-Aosta-Valley-apartment-for-sale-le-45067-ch2-6-106-510x382.jpg"},"et-pb-gallery-module-image-portrait":{"file":"Valtournenche-Aosta-Valley-apartment-for-sale-le-45067-ch2-6-106-400x516.jpg","width":400,"height":516,"mime-type":"image\/jpeg","filesize":57163,"url":"https:\/\/liguriaestate.com\/wp-content\/uploads\/2023\/11\/Valtournenche-Aosta-Valley-apartment-for-sale-le-45067-ch2-6-106-400x516.jpg"},"post-thumbnail":{"file":"Valtournenche-Aosta-Valley-apartment-for-sale-le-45067-ch2-6-106-105x150.jpg","width":105,"height":150,"mime-type":"image\/jpeg","filesize":5663,"url":"https:\/\/liguriaestate.com\/wp-content\/uploads\/2023\/11\/Valtournenche-Aosta-Valley-apartment-for-sale-le-45067-ch2-6-106-105x150.jpg"},"modern-property-child-slider":{"file":"Valtournenche-Aosta-Valley-apartment-for-sale-le-45067-ch2-6-106-680x510.jpg","width":680,"height":510,"mime-type":"image\/jpeg","filesize":94175,"url":"https:\/\/liguriaestate.com\/wp-content\/uploads\/2023\/11\/Valtournenche-Aosta-Valley-apartment-for-sale-le-45067-ch2-6-106-680x510.jpg"},"property-thumb-image":{"file":"Valtournenche-Aosta-Valley-apartment-for-sale-le-45067-ch2-6-106-488x326.jpg","width":488,"height":326,"mime-type":"image\/jpeg","filesize":46448,"url":"https:\/\/liguriaestate.com\/wp-content\/uploads\/2023\/11\/Valtournenche-Aosta-Valley-apartment-for-sale-le-45067-ch2-6-106-488x326.jpg"},"property-detail-video-image":{"file":"Valtournenche-Aosta-Valley-apartment-for-sale-le-45067-ch2-6-106-818x417.jpg","width":818,"height":417,"mime-type":"image\/jpeg","filesize":86422,"url":"https:\/\/liguriaestate.com\/wp-content\/uploads\/2023\/11\/Valtournenche-Aosta-Valley-apartment-for-sale-le-45067-ch2-6-106-818x417.jpg"},"agent-image":{"file":"Valtournenche-Aosta-Valley-apartment-for-sale-le-45067-ch2-6-106-210x210.jpg","width":210,"height":210,"mime-type":"image\/jpeg","filesize":14840,"url":"https:\/\/liguriaestate.com\/wp-content\/uploads\/2023\/11\/Valtournenche-Aosta-Valley-apartment-for-sale-le-45067-ch2-6-106-210x210.jpg"},"partners-logo":{"file":"Valtournenche-Aosta-Valley-apartment-for-sale-le-45067-ch2-6-106-600x1429.jpg","width":600,"height":1429,"mime-type":"image\/jpeg","filesize":210063,"url":"https:\/\/liguriaestate.com\/wp-content\/uploads\/2023\/11\/Valtournenche-Aosta-Valley-apartment-for-sale-le-45067-ch2-6-106-600x1429.jpg"},"post-featured-image":{"file":"Valtournenche-Aosta-Valley-apartment-for-sale-le-45067-ch2-6-106-1000x720.jpg","width":1000,"height":720,"mime-type":"image\/jpeg","filesize":191580,"url":"https:\/\/liguriaestate.com\/wp-content\/uploads\/2023\/11\/Valtournenche-Aosta-Valley-apartment-for-sale-le-45067-ch2-6-106-1000x720.jpg"}},"image_meta":{"aperture":"0","credit":"","camera":"","caption":"","created_timestamp":"0","copyright":"","focal_length":"0","iso":"0","shutter_speed":"0","title":"","orientation":"1","keywords":[]},"ID":"108011","name":"Valtournenche-Aosta-Valley-apartment-for-sale-le-45067-ch2-6-106.jpg","path":"\/home\/xitnef6\/domains\/liguriaestate.com\/public_html\/wp-content\/uploads\/2023\/11\/Valtournenche-Aosta-Valley-apartment-for-sale-le-45067-ch2-6-106.jpg","url":"https:\/\/liguriaestate.com\/wp-content\/uploads\/2023\/11\/Valtournenche-Aosta-Valley-apartment-for-sale-le-45067-ch2-6-106-150x150.jpg","full_url":"https:\/\/liguriaestate.com\/wp-content\/uploads\/2023\/11\/Valtournenche-Aosta-Valley-apartment-for-sale-le-45067-ch2-6-106.jpg","title":"Valtournenche-Aosta Valley-apartment-for-sale-le-45067-ch2-6-106","caption":"","description":"","alt":"","srcset":"https:\/\/liguriaestate.com\/wp-content\/uploads\/2023\/11\/Valtournenche-Aosta-Valley-apartment-for-sale-le-45067-ch2-6-106-150x150.jpg 150w, https:\/\/liguriaestate.com\/wp-content\/uploads\/2023\/11\/Valtournenche-Aosta-Valley-apartment-for-sale-le-45067-ch2-6-106-210x210.jpg 210w"},{"width":150,"height":150,"file":"2023\/11\/Valtournenche-Aosta-Valley-apartment-for-sale-le-45067-ch2-6-107.jpg","filesize":383768,"sizes":{"medium":{"file":"Valtournenche-Aosta-Valley-apartment-for-sale-le-45067-ch2-6-107-210x300.jpg","width":210,"height":300,"mime-type":"image\/jpeg","filesize":18142,"url":"https:\/\/liguriaestate.com\/wp-content\/uploads\/2023\/11\/Valtournenche-Aosta-Valley-apartment-for-sale-le-45067-ch2-6-107-210x300.jpg"},"large":{"file":"Valtournenche-Aosta-Valley-apartment-for-sale-le-45067-ch2-6-107-717x1024.jpg","width":717,"height":1024,"mime-type":"image\/jpeg","filesize":163405,"url":"https:\/\/liguriaestate.com\/wp-content\/uploads\/2023\/11\/Valtournenche-Aosta-Valley-apartment-for-sale-le-45067-ch2-6-107-717x1024.jpg"},"thumbnail":{"file":"Valtournenche-Aosta-Valley-apartment-for-sale-le-45067-ch2-6-107-150x150.jpg","width":150,"height":150,"mime-type":"image\/jpeg","filesize":7909,"url":"https:\/\/liguriaestate.com\/wp-content\/uploads\/2023\/11\/Valtournenche-Aosta-Valley-apartment-for-sale-le-45067-ch2-6-107-150x150.jpg"},"medium_large":{"file":"Valtournenche-Aosta-Valley-apartment-for-sale-le-45067-ch2-6-107-768x1097.jpg","width":768,"height":1097,"mime-type":"image\/jpeg","filesize":183115,"url":"https:\/\/liguriaestate.com\/wp-content\/uploads\/2023\/11\/Valtournenche-Aosta-Valley-apartment-for-sale-le-45067-ch2-6-107-768x1097.jpg"},"et-pb-post-main-image":{"file":"Valtournenche-Aosta-Valley-apartment-for-sale-le-45067-ch2-6-107-400x250.jpg","width":400,"height":250,"mime-type":"image\/jpeg","filesize":28573,"url":"https:\/\/liguriaestate.com\/wp-content\/uploads\/2023\/11\/Valtournenche-Aosta-Valley-apartment-for-sale-le-45067-ch2-6-107-400x250.jpg"},"et-pb-post-main-image-fullwidth":{"file":"Valtournenche-Aosta-Valley-apartment-for-sale-le-45067-ch2-6-107-1000x675.jpg","width":1000,"height":675,"mime-type":"image\/jpeg","filesize":173042,"url":"https:\/\/liguriaestate.com\/wp-content\/uploads\/2023\/11\/Valtournenche-Aosta-Valley-apartment-for-sale-le-45067-ch2-6-107-1000x675.jpg"},"et-pb-portfolio-image":{"file":"Valtournenche-Aosta-Valley-apartment-for-sale-le-45067-ch2-6-107-400x284.jpg","width":400,"height":284,"mime-type":"image\/jpeg","filesize":33016,"url":"https:\/\/liguriaestate.com\/wp-content\/uploads\/2023\/11\/Valtournenche-Aosta-Valley-apartment-for-sale-le-45067-ch2-6-107-400x284.jpg"},"et-pb-portfolio-module-image":{"file":"Valtournenche-Aosta-Valley-apartment-for-sale-le-45067-ch2-6-107-510x382.jpg","width":510,"height":382,"mime-type":"image\/jpeg","filesize":53966,"url":"https:\/\/liguriaestate.com\/wp-content\/uploads\/2023\/11\/Valtournenche-Aosta-Valley-apartment-for-sale-le-45067-ch2-6-107-510x382.jpg"},"et-pb-gallery-module-image-portrait":{"file":"Valtournenche-Aosta-Valley-apartment-for-sale-le-45067-ch2-6-107-400x516.jpg","width":400,"height":516,"mime-type":"image\/jpeg","filesize":54106,"url":"https:\/\/liguriaestate.com\/wp-content\/uploads\/2023\/11\/Valtournenche-Aosta-Valley-apartment-for-sale-le-45067-ch2-6-107-400x516.jpg"},"post-thumbnail":{"file":"Valtournenche-Aosta-Valley-apartment-for-sale-le-45067-ch2-6-107-105x150.jpg","width":105,"height":150,"mime-type":"image\/jpeg","filesize":5715,"url":"https:\/\/liguriaestate.com\/wp-content\/uploads\/2023\/11\/Valtournenche-Aosta-Valley-apartment-for-sale-le-45067-ch2-6-107-105x150.jpg"},"modern-property-child-slider":{"file":"Valtournenche-Aosta-Valley-apartment-for-sale-le-45067-ch2-6-107-680x510.jpg","width":680,"height":510,"mime-type":"image\/jpeg","filesize":90385,"url":"https:\/\/liguriaestate.com\/wp-content\/uploads\/2023\/11\/Valtournenche-Aosta-Valley-apartment-for-sale-le-45067-ch2-6-107-680x510.jpg"},"property-thumb-image":{"file":"Valtournenche-Aosta-Valley-apartment-for-sale-le-45067-ch2-6-107-488x326.jpg","width":488,"height":326,"mime-type":"image\/jpeg","filesize":43941,"url":"https:\/\/liguriaestate.com\/wp-content\/uploads\/2023\/11\/Valtournenche-Aosta-Valley-apartment-for-sale-le-45067-ch2-6-107-488x326.jpg"},"property-detail-video-image":{"file":"Valtournenche-Aosta-Valley-apartment-for-sale-le-45067-ch2-6-107-818x417.jpg","width":818,"height":417,"mime-type":"image\/jpeg","filesize":80255,"url":"https:\/\/liguriaestate.com\/wp-content\/uploads\/2023\/11\/Valtournenche-Aosta-Valley-apartment-for-sale-le-45067-ch2-6-107-818x417.jpg"},"agent-image":{"file":"Valtournenche-Aosta-Valley-apartment-for-sale-le-45067-ch2-6-107-210x210.jpg","width":210,"height":210,"mime-type":"image\/jpeg","filesize":14242,"url":"https:\/\/liguriaestate.com\/wp-content\/uploads\/2023\/11\/Valtournenche-Aosta-Valley-apartment-for-sale-le-45067-ch2-6-107-210x210.jpg"},"partners-logo":{"file":"Valtournenche-Aosta-Valley-apartment-for-sale-le-45067-ch2-6-107-600x1429.jpg","width":600,"height":1429,"mime-type":"image\/jpeg","filesize":196504,"url":"https:\/\/liguriaestate.com\/wp-content\/uploads\/2023\/11\/Valtournenche-Aosta-Valley-apartment-for-sale-le-45067-ch2-6-107-600x1429.jpg"},"post-featured-image":{"file":"Valtournenche-Aosta-Valley-apartment-for-sale-le-45067-ch2-6-107-1000x720.jpg","width":1000,"height":720,"mime-type":"image\/jpeg","filesize":184643,"url":"https:\/\/liguriaestate.com\/wp-content\/uploads\/2023\/11\/Valtournenche-Aosta-Valley-apartment-for-sale-le-45067-ch2-6-107-1000x720.jpg"}},"image_meta":{"aperture":"0","credit":"","camera":"","caption":"","created_timestamp":"0","copyright":"","focal_length":"0","iso":"0","shutter_speed":"0","title":"","orientation":"1","keywords":[]},"ID":"108014","name":"Valtournenche-Aosta-Valley-apartment-for-sale-le-45067-ch2-6-107.jpg","path":"\/home\/xitnef6\/domains\/liguriaestate.com\/public_html\/wp-content\/uploads\/2023\/11\/Valtournenche-Aosta-Valley-apartment-for-sale-le-45067-ch2-6-107.jpg","url":"https:\/\/liguriaestate.com\/wp-content\/uploads\/2023\/11\/Valtournenche-Aosta-Valley-apartment-for-sale-le-45067-ch2-6-107-150x150.jpg","full_url":"https:\/\/liguriaestate.com\/wp-content\/uploads\/2023\/11\/Valtournenche-Aosta-Valley-apartment-for-sale-le-45067-ch2-6-107.jpg","title":"Valtournenche-Aosta Valley-apartment-for-sale-le-45067-ch2-6-107","caption":"","description":"","alt":"","srcset":"https:\/\/liguriaestate.com\/wp-content\/uploads\/2023\/11\/Valtournenche-Aosta-Valley-apartment-for-sale-le-45067-ch2-6-107-150x150.jpg 150w, https:\/\/liguriaestate.com\/wp-content\/uploads\/2023\/11\/Valtournenche-Aosta-Valley-apartment-for-sale-le-45067-ch2-6-107-210x210.jpg 210w"},{"width":150,"height":150,"file":"2023\/11\/Valtournenche-Aosta-Valley-apartment-for-sale-le-45067-ch2-6-108.jpg","filesize":326459,"sizes":{"medium":{"file":"Valtournenche-Aosta-Valley-apartment-for-sale-le-45067-ch2-6-108-210x300.jpg","width":210,"height":300,"mime-type":"image\/jpeg","filesize":15639,"url":"https:\/\/liguriaestate.com\/wp-content\/uploads\/2023\/11\/Valtournenche-Aosta-Valley-apartment-for-sale-le-45067-ch2-6-108-210x300.jpg"},"large":{"file":"Valtournenche-Aosta-Valley-apartment-for-sale-le-45067-ch2-6-108-717x1024.jpg","width":717,"height":1024,"mime-type":"image\/jpeg","filesize":135169,"url":"https:\/\/liguriaestate.com\/wp-content\/uploads\/2023\/11\/Valtournenche-Aosta-Valley-apartment-for-sale-le-45067-ch2-6-108-717x1024.jpg"},"thumbnail":{"file":"Valtournenche-Aosta-Valley-apartment-for-sale-le-45067-ch2-6-108-150x150.jpg","width":150,"height":150,"mime-type":"image\/jpeg","filesize":7227,"url":"https:\/\/liguriaestate.com\/wp-content\/uploads\/2023\/11\/Valtournenche-Aosta-Valley-apartment-for-sale-le-45067-ch2-6-108-150x150.jpg"},"medium_large":{"file":"Valtournenche-Aosta-Valley-apartment-for-sale-le-45067-ch2-6-108-768x1097.jpg","width":768,"height":1097,"mime-type":"image\/jpeg","filesize":152007,"url":"https:\/\/liguriaestate.com\/wp-content\/uploads\/2023\/11\/Valtournenche-Aosta-Valley-apartment-for-sale-le-45067-ch2-6-108-768x1097.jpg"},"et-pb-post-main-image":{"file":"Valtournenche-Aosta-Valley-apartment-for-sale-le-45067-ch2-6-108-400x250.jpg","width":400,"height":250,"mime-type":"image\/jpeg","filesize":26638,"url":"https:\/\/liguriaestate.com\/wp-content\/uploads\/2023\/11\/Valtournenche-Aosta-Valley-apartment-for-sale-le-45067-ch2-6-108-400x250.jpg"},"et-pb-post-main-image-fullwidth":{"file":"Valtournenche-Aosta-Valley-apartment-for-sale-le-45067-ch2-6-108-1000x675.jpg","width":1000,"height":675,"mime-type":"image\/jpeg","filesize":152105,"url":"https:\/\/liguriaestate.com\/wp-content\/uploads\/2023\/11\/Valtournenche-Aosta-Valley-apartment-for-sale-le-45067-ch2-6-108-1000x675.jpg"},"et-pb-portfolio-image":{"file":"Valtournenche-Aosta-Valley-apartment-for-sale-le-45067-ch2-6-108-400x284.jpg","width":400,"height":284,"mime-type":"image\/jpeg","filesize":29939,"url":"https:\/\/liguriaestate.com\/wp-content\/uploads\/2023\/11\/Valtournenche-Aosta-Valley-apartment-for-sale-le-45067-ch2-6-108-400x284.jpg"},"et-pb-portfolio-module-image":{"file":"Valtournenche-Aosta-Valley-apartment-for-sale-le-45067-ch2-6-108-510x382.jpg","width":510,"height":382,"mime-type":"image\/jpeg","filesize":47998,"url":"https:\/\/liguriaestate.com\/wp-content\/uploads\/2023\/11\/Valtournenche-Aosta-Valley-apartment-for-sale-le-45067-ch2-6-108-510x382.jpg"},"et-pb-gallery-module-image-portrait":{"file":"Valtournenche-Aosta-Valley-apartment-for-sale-le-45067-ch2-6-108-400x516.jpg","width":400,"height":516,"mime-type":"image\/jpeg","filesize":45789,"url":"https:\/\/liguriaestate.com\/wp-content\/uploads\/2023\/11\/Valtournenche-Aosta-Valley-apartment-for-sale-le-45067-ch2-6-108-400x516.jpg"},"post-thumbnail":{"file":"Valtournenche-Aosta-Valley-apartment-for-sale-le-45067-ch2-6-108-105x150.jpg","width":105,"height":150,"mime-type":"image\/jpeg","filesize":5087,"url":"https:\/\/liguriaestate.com\/wp-content\/uploads\/2023\/11\/Valtournenche-Aosta-Valley-apartment-for-sale-le-45067-ch2-6-108-105x150.jpg"},"modern-property-child-slider":{"file":"Valtournenche-Aosta-Valley-apartment-for-sale-le-45067-ch2-6-108-680x510.jpg","width":680,"height":510,"mime-type":"image\/jpeg","filesize":79886,"url":"https:\/\/liguriaestate.com\/wp-content\/uploads\/2023\/11\/Valtournenche-Aosta-Valley-apartment-for-sale-le-45067-ch2-6-108-680x510.jpg"},"property-thumb-image":{"file":"Valtournenche-Aosta-Valley-apartment-for-sale-le-45067-ch2-6-108-488x326.jpg","width":488,"height":326,"mime-type":"image\/jpeg","filesize":40035,"url":"https:\/\/liguriaestate.com\/wp-content\/uploads\/2023\/11\/Valtournenche-Aosta-Valley-apartment-for-sale-le-45067-ch2-6-108-488x326.jpg"},"property-detail-video-image":{"file":"Valtournenche-Aosta-Valley-apartment-for-sale-le-45067-ch2-6-108-818x417.jpg","width":818,"height":417,"mime-type":"image\/jpeg","filesize":74469,"url":"https:\/\/liguriaestate.com\/wp-content\/uploads\/2023\/11\/Valtournenche-Aosta-Valley-apartment-for-sale-le-45067-ch2-6-108-818x417.jpg"},"agent-image":{"file":"Valtournenche-Aosta-Valley-apartment-for-sale-le-45067-ch2-6-108-210x210.jpg","width":210,"height":210,"mime-type":"image\/jpeg","filesize":12906,"url":"https:\/\/liguriaestate.com\/wp-content\/uploads\/2023\/11\/Valtournenche-Aosta-Valley-apartment-for-sale-le-45067-ch2-6-108-210x210.jpg"},"partners-logo":{"file":"Valtournenche-Aosta-Valley-apartment-for-sale-le-45067-ch2-6-108-600x1429.jpg","width":600,"height":1429,"mime-type":"image\/jpeg","filesize":170063,"url":"https:\/\/liguriaestate.com\/wp-content\/uploads\/2023\/11\/Valtournenche-Aosta-Valley-apartment-for-sale-le-45067-ch2-6-108-600x1429.jpg"},"post-featured-image":{"file":"Valtournenche-Aosta-Valley-apartment-for-sale-le-45067-ch2-6-108-1000x720.jpg","width":1000,"height":720,"mime-type":"image\/jpeg","filesize":160641,"url":"https:\/\/liguriaestate.com\/wp-content\/uploads\/2023\/11\/Valtournenche-Aosta-Valley-apartment-for-sale-le-45067-ch2-6-108-1000x720.jpg"}},"image_meta":{"aperture":"0","credit":"","camera":"","caption":"","created_timestamp":"0","copyright":"","focal_length":"0","iso":"0","shutter_speed":"0","title":"","orientation":"1","keywords":[]},"ID":"108017","name":"Valtournenche-Aosta-Valley-apartment-for-sale-le-45067-ch2-6-108.jpg","path":"\/home\/xitnef6\/domains\/liguriaestate.com\/public_html\/wp-content\/uploads\/2023\/11\/Valtournenche-Aosta-Valley-apartment-for-sale-le-45067-ch2-6-108.jpg","url":"https:\/\/liguriaestate.com\/wp-content\/uploads\/2023\/11\/Valtournenche-Aosta-Valley-apartment-for-sale-le-45067-ch2-6-108-150x150.jpg","full_url":"https:\/\/liguriaestate.com\/wp-content\/uploads\/2023\/11\/Valtournenche-Aosta-Valley-apartment-for-sale-le-45067-ch2-6-108.jpg","title":"Valtournenche-Aosta Valley-apartment-for-sale-le-45067-ch2-6-108","caption":"","description":"","alt":"","srcset":"https:\/\/liguriaestate.com\/wp-content\/uploads\/2023\/11\/Valtournenche-Aosta-Valley-apartment-for-sale-le-45067-ch2-6-108-150x150.jpg 150w, https:\/\/liguriaestate.com\/wp-content\/uploads\/2023\/11\/Valtournenche-Aosta-Valley-apartment-for-sale-le-45067-ch2-6-108-210x210.jpg 210w"},{"width":150,"height":150,"file":"2023\/11\/Valtournenche-Aosta-Valley-apartment-for-sale-le-45067-ch2-6-109.jpg","filesize":208058,"sizes":{"medium":{"file":"Valtournenche-Aosta-Valley-apartment-for-sale-le-45067-ch2-6-109-300x188.jpg","width":300,"height":188,"mime-type":"image\/jpeg","filesize":17442,"url":"https:\/\/liguriaestate.com\/wp-content\/uploads\/2023\/11\/Valtournenche-Aosta-Valley-apartment-for-sale-le-45067-ch2-6-109-300x188.jpg"},"thumbnail":{"file":"Valtournenche-Aosta-Valley-apartment-for-sale-le-45067-ch2-6-109-150x150.jpg","width":150,"height":150,"mime-type":"image\/jpeg","filesize":8231,"url":"https:\/\/liguriaestate.com\/wp-content\/uploads\/2023\/11\/Valtournenche-Aosta-Valley-apartment-for-sale-le-45067-ch2-6-109-150x150.jpg"},"medium_large":{"file":"Valtournenche-Aosta-Valley-apartment-for-sale-le-45067-ch2-6-109-768x480.jpg","width":768,"height":480,"mime-type":"image\/jpeg","filesize":95423,"url":"https:\/\/liguriaestate.com\/wp-content\/uploads\/2023\/11\/Valtournenche-Aosta-Valley-apartment-for-sale-le-45067-ch2-6-109-768x480.jpg"},"et-pb-post-main-image":{"file":"Valtournenche-Aosta-Valley-apartment-for-sale-le-45067-ch2-6-109-400x250.jpg","width":400,"height":250,"mime-type":"image\/jpeg","filesize":29645,"url":"https:\/\/liguriaestate.com\/wp-content\/uploads\/2023\/11\/Valtournenche-Aosta-Valley-apartment-for-sale-le-45067-ch2-6-109-400x250.jpg"},"et-pb-portfolio-image":{"file":"Valtournenche-Aosta-Valley-apartment-for-sale-le-45067-ch2-6-109-400x284.jpg","width":400,"height":284,"mime-type":"image\/jpeg","filesize":33549,"url":"https:\/\/liguriaestate.com\/wp-content\/uploads\/2023\/11\/Valtournenche-Aosta-Valley-apartment-for-sale-le-45067-ch2-6-109-400x284.jpg"},"et-pb-portfolio-module-image":{"file":"Valtournenche-Aosta-Valley-apartment-for-sale-le-45067-ch2-6-109-510x382.jpg","width":510,"height":382,"mime-type":"image\/jpeg","filesize":54712,"url":"https:\/\/liguriaestate.com\/wp-content\/uploads\/2023\/11\/Valtournenche-Aosta-Valley-apartment-for-sale-le-45067-ch2-6-109-510x382.jpg"},"et-pb-gallery-module-image-portrait":{"file":"Valtournenche-Aosta-Valley-apartment-for-sale-le-45067-ch2-6-109-400x516.jpg","width":400,"height":516,"mime-type":"image\/jpeg","filesize":59313,"url":"https:\/\/liguriaestate.com\/wp-content\/uploads\/2023\/11\/Valtournenche-Aosta-Valley-apartment-for-sale-le-45067-ch2-6-109-400x516.jpg"},"post-thumbnail":{"file":"Valtournenche-Aosta-Valley-apartment-for-sale-le-45067-ch2-6-109-150x94.jpg","width":150,"height":94,"mime-type":"image\/jpeg","filesize":5159,"url":"https:\/\/liguriaestate.com\/wp-content\/uploads\/2023\/11\/Valtournenche-Aosta-Valley-apartment-for-sale-le-45067-ch2-6-109-150x94.jpg"},"modern-property-child-slider":{"file":"Valtournenche-Aosta-Valley-apartment-for-sale-le-45067-ch2-6-109-680x510.jpg","width":680,"height":510,"mime-type":"image\/jpeg","filesize":90120,"url":"https:\/\/liguriaestate.com\/wp-content\/uploads\/2023\/11\/Valtournenche-Aosta-Valley-apartment-for-sale-le-45067-ch2-6-109-680x510.jpg"},"property-thumb-image":{"file":"Valtournenche-Aosta-Valley-apartment-for-sale-le-45067-ch2-6-109-488x326.jpg","width":488,"height":326,"mime-type":"image\/jpeg","filesize":45259,"url":"https:\/\/liguriaestate.com\/wp-content\/uploads\/2023\/11\/Valtournenche-Aosta-Valley-apartment-for-sale-le-45067-ch2-6-109-488x326.jpg"},"property-detail-video-image":{"file":"Valtournenche-Aosta-Valley-apartment-for-sale-le-45067-ch2-6-109-818x417.jpg","width":818,"height":417,"mime-type":"image\/jpeg","filesize":87831,"url":"https:\/\/liguriaestate.com\/wp-content\/uploads\/2023\/11\/Valtournenche-Aosta-Valley-apartment-for-sale-le-45067-ch2-6-109-818x417.jpg"},"agent-image":{"file":"Valtournenche-Aosta-Valley-apartment-for-sale-le-45067-ch2-6-109-210x210.jpg","width":210,"height":210,"mime-type":"image\/jpeg","filesize":15120,"url":"https:\/\/liguriaestate.com\/wp-content\/uploads\/2023\/11\/Valtournenche-Aosta-Valley-apartment-for-sale-le-45067-ch2-6-109-210x210.jpg"},"partners-logo":{"file":"Valtournenche-Aosta-Valley-apartment-for-sale-le-45067-ch2-6-109-600x625.jpg","width":600,"height":625,"mime-type":"image\/jpeg","filesize":115024,"url":"https:\/\/liguriaestate.com\/wp-content\/uploads\/2023\/11\/Valtournenche-Aosta-Valley-apartment-for-sale-le-45067-ch2-6-109-600x625.jpg"}},"image_meta":{"aperture":"0","credit":"","camera":"","caption":"","created_timestamp":"0","copyright":"","focal_length":"0","iso":"0","shutter_speed":"0","title":"","orientation":"1","keywords":[]},"ID":"108020","name":"Valtournenche-Aosta-Valley-apartment-for-sale-le-45067-ch2-6-109.jpg","path":"\/home\/xitnef6\/domains\/liguriaestate.com\/public_html\/wp-content\/uploads\/2023\/11\/Valtournenche-Aosta-Valley-apartment-for-sale-le-45067-ch2-6-109.jpg","url":"https:\/\/liguriaestate.com\/wp-content\/uploads\/2023\/11\/Valtournenche-Aosta-Valley-apartment-for-sale-le-45067-ch2-6-109-150x150.jpg","full_url":"https:\/\/liguriaestate.com\/wp-content\/uploads\/2023\/11\/Valtournenche-Aosta-Valley-apartment-for-sale-le-45067-ch2-6-109.jpg","title":"Valtournenche-Aosta Valley-apartment-for-sale-le-45067-ch2-6-109","caption":"","description":"","alt":"","srcset":"https:\/\/liguriaestate.com\/wp-content\/uploads\/2023\/11\/Valtournenche-Aosta-Valley-apartment-for-sale-le-45067-ch2-6-109-150x150.jpg 150w, https:\/\/liguriaestate.com\/wp-content\/uploads\/2023\/11\/Valtournenche-Aosta-Valley-apartment-for-sale-le-45067-ch2-6-109-210x210.jpg 210w"},{"width":150,"height":150,"file":"2023\/11\/Valtournenche-Aosta-Valley-apartment-for-sale-le-45067-ch2-6-110.jpg","filesize":271540,"sizes":{"medium":{"file":"Valtournenche-Aosta-Valley-apartment-for-sale-le-45067-ch2-6-110-210x300.jpg","width":210,"height":300,"mime-type":"image\/jpeg","filesize":13455,"url":"https:\/\/liguriaestate.com\/wp-content\/uploads\/2023\/11\/Valtournenche-Aosta-Valley-apartment-for-sale-le-45067-ch2-6-110-210x300.jpg"},"large":{"file":"Valtournenche-Aosta-Valley-apartment-for-sale-le-45067-ch2-6-110-717x1024.jpg","width":717,"height":1024,"mime-type":"image\/jpeg","filesize":114666,"url":"https:\/\/liguriaestate.com\/wp-content\/uploads\/2023\/11\/Valtournenche-Aosta-Valley-apartment-for-sale-le-45067-ch2-6-110-717x1024.jpg"},"thumbnail":{"file":"Valtournenche-Aosta-Valley-apartment-for-sale-le-45067-ch2-6-110-150x150.jpg","width":150,"height":150,"mime-type":"image\/jpeg","filesize":5764,"url":"https:\/\/liguriaestate.com\/wp-content\/uploads\/2023\/11\/Valtournenche-Aosta-Valley-apartment-for-sale-le-45067-ch2-6-110-150x150.jpg"},"medium_large":{"file":"Valtournenche-Aosta-Valley-apartment-for-sale-le-45067-ch2-6-110-768x1097.jpg","width":768,"height":1097,"mime-type":"image\/jpeg","filesize":128814,"url":"https:\/\/liguriaestate.com\/wp-content\/uploads\/2023\/11\/Valtournenche-Aosta-Valley-apartment-for-sale-le-45067-ch2-6-110-768x1097.jpg"},"et-pb-post-main-image":{"file":"Valtournenche-Aosta-Valley-apartment-for-sale-le-45067-ch2-6-110-400x250.jpg","width":400,"height":250,"mime-type":"image\/jpeg","filesize":19494,"url":"https:\/\/liguriaestate.com\/wp-content\/uploads\/2023\/11\/Valtournenche-Aosta-Valley-apartment-for-sale-le-45067-ch2-6-110-400x250.jpg"},"et-pb-post-main-image-fullwidth":{"file":"Valtournenche-Aosta-Valley-apartment-for-sale-le-45067-ch2-6-110-1000x675.jpg","width":1000,"height":675,"mime-type":"image\/jpeg","filesize":109198,"url":"https:\/\/liguriaestate.com\/wp-content\/uploads\/2023\/11\/Valtournenche-Aosta-Valley-apartment-for-sale-le-45067-ch2-6-110-1000x675.jpg"},"et-pb-portfolio-image":{"file":"Valtournenche-Aosta-Valley-apartment-for-sale-le-45067-ch2-6-110-400x284.jpg","width":400,"height":284,"mime-type":"image\/jpeg","filesize":21743,"url":"https:\/\/liguriaestate.com\/wp-content\/uploads\/2023\/11\/Valtournenche-Aosta-Valley-apartment-for-sale-le-45067-ch2-6-110-400x284.jpg"},"et-pb-portfolio-module-image":{"file":"Valtournenche-Aosta-Valley-apartment-for-sale-le-45067-ch2-6-110-510x382.jpg","width":510,"height":382,"mime-type":"image\/jpeg","filesize":34784,"url":"https:\/\/liguriaestate.com\/wp-content\/uploads\/2023\/11\/Valtournenche-Aosta-Valley-apartment-for-sale-le-45067-ch2-6-110-510x382.jpg"},"et-pb-gallery-module-image-portrait":{"file":"Valtournenche-Aosta-Valley-apartment-for-sale-le-45067-ch2-6-110-400x516.jpg","width":400,"height":516,"mime-type":"image\/jpeg","filesize":38326,"url":"https:\/\/liguriaestate.com\/wp-content\/uploads\/2023\/11\/Valtournenche-Aosta-Valley-apartment-for-sale-le-45067-ch2-6-110-400x516.jpg"},"post-thumbnail":{"file":"Valtournenche-Aosta-Valley-apartment-for-sale-le-45067-ch2-6-110-105x150.jpg","width":105,"height":150,"mime-type":"image\/jpeg","filesize":4528,"url":"https:\/\/liguriaestate.com\/wp-content\/uploads\/2023\/11\/Valtournenche-Aosta-Valley-apartment-for-sale-le-45067-ch2-6-110-105x150.jpg"},"modern-property-child-slider":{"file":"Valtournenche-Aosta-Valley-apartment-for-sale-le-45067-ch2-6-110-680x510.jpg","width":680,"height":510,"mime-type":"image\/jpeg","filesize":56752,"url":"https:\/\/liguriaestate.com\/wp-content\/uploads\/2023\/11\/Valtournenche-Aosta-Valley-apartment-for-sale-le-45067-ch2-6-110-680x510.jpg"},"property-thumb-image":{"file":"Valtournenche-Aosta-Valley-apartment-for-sale-le-45067-ch2-6-110-488x326.jpg","width":488,"height":326,"mime-type":"image\/jpeg","filesize":28856,"url":"https:\/\/liguriaestate.com\/wp-content\/uploads\/2023\/11\/Valtournenche-Aosta-Valley-apartment-for-sale-le-45067-ch2-6-110-488x326.jpg"},"property-detail-video-image":{"file":"Valtournenche-Aosta-Valley-apartment-for-sale-le-45067-ch2-6-110-818x417.jpg","width":818,"height":417,"mime-type":"image\/jpeg","filesize":53960,"url":"https:\/\/liguriaestate.com\/wp-content\/uploads\/2023\/11\/Valtournenche-Aosta-Valley-apartment-for-sale-le-45067-ch2-6-110-818x417.jpg"},"agent-image":{"file":"Valtournenche-Aosta-Valley-apartment-for-sale-le-45067-ch2-6-110-210x210.jpg","width":210,"height":210,"mime-type":"image\/jpeg","filesize":10160,"url":"https:\/\/liguriaestate.com\/wp-content\/uploads\/2023\/11\/Valtournenche-Aosta-Valley-apartment-for-sale-le-45067-ch2-6-110-210x210.jpg"},"partners-logo":{"file":"Valtournenche-Aosta-Valley-apartment-for-sale-le-45067-ch2-6-110-600x1429.jpg","width":600,"height":1429,"mime-type":"image\/jpeg","filesize":128407,"url":"https:\/\/liguriaestate.com\/wp-content\/uploads\/2023\/11\/Valtournenche-Aosta-Valley-apartment-for-sale-le-45067-ch2-6-110-600x1429.jpg"},"post-featured-image":{"file":"Valtournenche-Aosta-Valley-apartment-for-sale-le-45067-ch2-6-110-1000x720.jpg","width":1000,"height":720,"mime-type":"image\/jpeg","filesize":116195,"url":"https:\/\/liguriaestate.com\/wp-content\/uploads\/2023\/11\/Valtournenche-Aosta-Valley-apartment-for-sale-le-45067-ch2-6-110-1000x720.jpg"}},"image_meta":{"aperture":"0","credit":"","camera":"","caption":"","created_timestamp":"0","copyright":"","focal_length":"0","iso":"0","shutter_speed":"0","title":"","orientation":"1","keywords":[]},"ID":"108023","name":"Valtournenche-Aosta-Valley-apartment-for-sale-le-45067-ch2-6-110.jpg","path":"\/home\/xitnef6\/domains\/liguriaestate.com\/public_html\/wp-content\/uploads\/2023\/11\/Valtournenche-Aosta-Valley-apartment-for-sale-le-45067-ch2-6-110.jpg","url":"https:\/\/liguriaestate.com\/wp-content\/uploads\/2023\/11\/Valtournenche-Aosta-Valley-apartment-for-sale-le-45067-ch2-6-110-150x150.jpg","full_url":"https:\/\/liguriaestate.com\/wp-content\/uploads\/2023\/11\/Valtournenche-Aosta-Valley-apartment-for-sale-le-45067-ch2-6-110.jpg","title":"Valtournenche-Aosta Valley-apartment-for-sale-le-45067-ch2-6-110","caption":"","description":"","alt":"","srcset":"https:\/\/liguriaestate.com\/wp-content\/uploads\/2023\/11\/Valtournenche-Aosta-Valley-apartment-for-sale-le-45067-ch2-6-110-150x150.jpg 150w, https:\/\/liguriaestate.com\/wp-content\/uploads\/2023\/11\/Valtournenche-Aosta-Valley-apartment-for-sale-le-45067-ch2-6-110-210x210.jpg 210w"},{"width":150,"height":150,"file":"2023\/11\/Valtournenche-Aosta-Valley-apartment-for-sale-le-45067-ch2-6-111.jpg","filesize":181081,"sizes":{"medium":{"file":"Valtournenche-Aosta-Valley-apartment-for-sale-le-45067-ch2-6-111-300x200.jpg","width":300,"height":200,"mime-type":"image\/jpeg","filesize":17412,"url":"https:\/\/liguriaestate.com\/wp-content\/uploads\/2023\/11\/Valtournenche-Aosta-Valley-apartment-for-sale-le-45067-ch2-6-111-300x200.jpg"},"thumbnail":{"file":"Valtournenche-Aosta-Valley-apartment-for-sale-le-45067-ch2-6-111-150x150.jpg","width":150,"height":150,"mime-type":"image\/jpeg","filesize":8066,"url":"https:\/\/liguriaestate.com\/wp-content\/uploads\/2023\/11\/Valtournenche-Aosta-Valley-apartment-for-sale-le-45067-ch2-6-111-150x150.jpg"},"medium_large":{"file":"Valtournenche-Aosta-Valley-apartment-for-sale-le-45067-ch2-6-111-768x512.jpg","width":768,"height":512,"mime-type":"image\/jpeg","filesize":89219,"url":"https:\/\/liguriaestate.com\/wp-content\/uploads\/2023\/11\/Valtournenche-Aosta-Valley-apartment-for-sale-le-45067-ch2-6-111-768x512.jpg"},"et-pb-post-main-image":{"file":"Valtournenche-Aosta-Valley-apartment-for-sale-le-45067-ch2-6-111-400x250.jpg","width":400,"height":250,"mime-type":"image\/jpeg","filesize":28846,"url":"https:\/\/liguriaestate.com\/wp-content\/uploads\/2023\/11\/Valtournenche-Aosta-Valley-apartment-for-sale-le-45067-ch2-6-111-400x250.jpg"},"et-pb-portfolio-image":{"file":"Valtournenche-Aosta-Valley-apartment-for-sale-le-45067-ch2-6-111-400x284.jpg","width":400,"height":284,"mime-type":"image\/jpeg","filesize":31913,"url":"https:\/\/liguriaestate.com\/wp-content\/uploads\/2023\/11\/Valtournenche-Aosta-Valley-apartment-for-sale-le-45067-ch2-6-111-400x284.jpg"},"et-pb-portfolio-module-image":{"file":"Valtournenche-Aosta-Valley-apartment-for-sale-le-45067-ch2-6-111-510x382.jpg","width":510,"height":382,"mime-type":"image\/jpeg","filesize":51975,"url":"https:\/\/liguriaestate.com\/wp-content\/uploads\/2023\/11\/Valtournenche-Aosta-Valley-apartment-for-sale-le-45067-ch2-6-111-510x382.jpg"},"et-pb-gallery-module-image-portrait":{"file":"Valtournenche-Aosta-Valley-apartment-for-sale-le-45067-ch2-6-111-400x516.jpg","width":400,"height":516,"mime-type":"image\/jpeg","filesize":49782,"url":"https:\/\/liguriaestate.com\/wp-content\/uploads\/2023\/11\/Valtournenche-Aosta-Valley-apartment-for-sale-le-45067-ch2-6-111-400x516.jpg"},"post-thumbnail":{"file":"Valtournenche-Aosta-Valley-apartment-for-sale-le-45067-ch2-6-111-150x100.jpg","width":150,"height":100,"mime-type":"image\/jpeg","filesize":5195,"url":"https:\/\/liguriaestate.com\/wp-content\/uploads\/2023\/11\/Valtournenche-Aosta-Valley-apartment-for-sale-le-45067-ch2-6-111-150x100.jpg"},"modern-property-child-slider":{"file":"Valtournenche-Aosta-Valley-apartment-for-sale-le-45067-ch2-6-111-680x510.jpg","width":680,"height":510,"mime-type":"image\/jpeg","filesize":82250,"url":"https:\/\/liguriaestate.com\/wp-content\/uploads\/2023\/11\/Valtournenche-Aosta-Valley-apartment-for-sale-le-45067-ch2-6-111-680x510.jpg"},"property-thumb-image":{"file":"Valtournenche-Aosta-Valley-apartment-for-sale-le-45067-ch2-6-111-488x326.jpg","width":488,"height":326,"mime-type":"image\/jpeg","filesize":42331,"url":"https:\/\/liguriaestate.com\/wp-content\/uploads\/2023\/11\/Valtournenche-Aosta-Valley-apartment-for-sale-le-45067-ch2-6-111-488x326.jpg"},"property-detail-video-image":{"file":"Valtournenche-Aosta-Valley-apartment-for-sale-le-45067-ch2-6-111-818x417.jpg","width":818,"height":417,"mime-type":"image\/jpeg","filesize":81474,"url":"https:\/\/liguriaestate.com\/wp-content\/uploads\/2023\/11\/Valtournenche-Aosta-Valley-apartment-for-sale-le-45067-ch2-6-111-818x417.jpg"},"agent-image":{"file":"Valtournenche-Aosta-Valley-apartment-for-sale-le-45067-ch2-6-111-210x210.jpg","width":210,"height":210,"mime-type":"image\/jpeg","filesize":14398,"url":"https:\/\/liguriaestate.com\/wp-content\/uploads\/2023\/11\/Valtournenche-Aosta-Valley-apartment-for-sale-le-45067-ch2-6-111-210x210.jpg"},"partners-logo":{"file":"Valtournenche-Aosta-Valley-apartment-for-sale-le-45067-ch2-6-111-600x667.jpg","width":600,"height":667,"mime-type":"image\/jpeg","filesize":94928,"url":"https:\/\/liguriaestate.com\/wp-content\/uploads\/2023\/11\/Valtournenche-Aosta-Valley-apartment-for-sale-le-45067-ch2-6-111-600x667.jpg"}},"image_meta":{"aperture":"0","credit":"","camera":"","caption":"","created_timestamp":"0","copyright":"","focal_length":"0","iso":"0","shutter_speed":"0","title":"","orientation":"1","keywords":[]},"ID":"108026","name":"Valtournenche-Aosta-Valley-apartment-for-sale-le-45067-ch2-6-111.jpg","path":"\/home\/xitnef6\/domains\/liguriaestate.com\/public_html\/wp-content\/uploads\/2023\/11\/Valtournenche-Aosta-Valley-apartment-for-sale-le-45067-ch2-6-111.jpg","url":"https:\/\/liguriaestate.com\/wp-content\/uploads\/2023\/11\/Valtournenche-Aosta-Valley-apartment-for-sale-le-45067-ch2-6-111-150x150.jpg","full_url":"https:\/\/liguriaestate.com\/wp-content\/uploads\/2023\/11\/Valtournenche-Aosta-Valley-apartment-for-sale-le-45067-ch2-6-111.jpg","title":"Valtournenche-Aosta Valley-apartment-for-sale-le-45067-ch2-6-111","caption":"","description":"","alt":"","srcset":"https:\/\/liguriaestate.com\/wp-content\/uploads\/2023\/11\/Valtournenche-Aosta-Valley-apartment-for-sale-le-45067-ch2-6-111-150x150.jpg 150w, https:\/\/liguriaestate.com\/wp-content\/uploads\/2023\/11\/Valtournenche-Aosta-Valley-apartment-for-sale-le-45067-ch2-6-111-210x210.jpg 210w"},{"width":150,"height":150,"file":"2023\/11\/Valtournenche-Aosta-Valley-apartment-for-sale-le-45067-ch2-6-112.jpg","filesize":260851,"sizes":{"medium":{"file":"Valtournenche-Aosta-Valley-apartment-for-sale-le-45067-ch2-6-112-300x200.jpg","width":300,"height":200,"mime-type":"image\/jpeg","filesize":19666,"url":"https:\/\/liguriaestate.com\/wp-content\/uploads\/2023\/11\/Valtournenche-Aosta-Valley-apartment-for-sale-le-45067-ch2-6-112-300x200.jpg"},"thumbnail":{"file":"Valtournenche-Aosta-Valley-apartment-for-sale-le-45067-ch2-6-112-150x150.jpg","width":150,"height":150,"mime-type":"image\/jpeg","filesize":8187,"url":"https:\/\/liguriaestate.com\/wp-content\/uploads\/2023\/11\/Valtournenche-Aosta-Valley-apartment-for-sale-le-45067-ch2-6-112-150x150.jpg"},"medium_large":{"file":"Valtournenche-Aosta-Valley-apartment-for-sale-le-45067-ch2-6-112-768x512.jpg","width":768,"height":512,"mime-type":"image\/jpeg","filesize":109937,"url":"https:\/\/liguriaestate.com\/wp-content\/uploads\/2023\/11\/Valtournenche-Aosta-Valley-apartment-for-sale-le-45067-ch2-6-112-768x512.jpg"},"et-pb-post-main-image":{"file":"Valtournenche-Aosta-Valley-apartment-for-sale-le-45067-ch2-6-112-400x250.jpg","width":400,"height":250,"mime-type":"image\/jpeg","filesize":33252,"url":"https:\/\/liguriaestate.com\/wp-content\/uploads\/2023\/11\/Valtournenche-Aosta-Valley-apartment-for-sale-le-45067-ch2-6-112-400x250.jpg"},"et-pb-portfolio-image":{"file":"Valtournenche-Aosta-Valley-apartment-for-sale-le-45067-ch2-6-112-400x284.jpg","width":400,"height":284,"mime-type":"image\/jpeg","filesize":35219,"url":"https:\/\/liguriaestate.com\/wp-content\/uploads\/2023\/11\/Valtournenche-Aosta-Valley-apartment-for-sale-le-45067-ch2-6-112-400x284.jpg"},"et-pb-portfolio-module-image":{"file":"Valtournenche-Aosta-Valley-apartment-for-sale-le-45067-ch2-6-112-510x382.jpg","width":510,"height":382,"mime-type":"image\/jpeg","filesize":58698,"url":"https:\/\/liguriaestate.com\/wp-content\/uploads\/2023\/11\/Valtournenche-Aosta-Valley-apartment-for-sale-le-45067-ch2-6-112-510x382.jpg"},"et-pb-gallery-module-image-portrait":{"file":"Valtournenche-Aosta-Valley-apartment-for-sale-le-45067-ch2-6-112-400x516.jpg","width":400,"height":516,"mime-type":"image\/jpeg","filesize":59928,"url":"https:\/\/liguriaestate.com\/wp-content\/uploads\/2023\/11\/Valtournenche-Aosta-Valley-apartment-for-sale-le-45067-ch2-6-112-400x516.jpg"},"post-thumbnail":{"file":"Valtournenche-Aosta-Valley-apartment-for-sale-le-45067-ch2-6-112-150x100.jpg","width":150,"height":100,"mime-type":"image\/jpeg","filesize":5711,"url":"https:\/\/liguriaestate.com\/wp-content\/uploads\/2023\/11\/Valtournenche-Aosta-Valley-apartment-for-sale-le-45067-ch2-6-112-150x100.jpg"},"modern-property-child-slider":{"file":"Valtournenche-Aosta-Valley-apartment-for-sale-le-45067-ch2-6-112-680x510.jpg","width":680,"height":510,"mime-type":"image\/jpeg","filesize":98646,"url":"https:\/\/liguriaestate.com\/wp-content\/uploads\/2023\/11\/Valtournenche-Aosta-Valley-apartment-for-sale-le-45067-ch2-6-112-680x510.jpg"},"property-thumb-image":{"file":"Valtournenche-Aosta-Valley-apartment-for-sale-le-45067-ch2-6-112-488x326.jpg","width":488,"height":326,"mime-type":"image\/jpeg","filesize":48564,"url":"https:\/\/liguriaestate.com\/wp-content\/uploads\/2023\/11\/Valtournenche-Aosta-Valley-apartment-for-sale-le-45067-ch2-6-112-488x326.jpg"},"property-detail-video-image":{"file":"Valtournenche-Aosta-Valley-apartment-for-sale-le-45067-ch2-6-112-818x417.jpg","width":818,"height":417,"mime-type":"image\/jpeg","filesize":120804,"url":"https:\/\/liguriaestate.com\/wp-content\/uploads\/2023\/11\/Valtournenche-Aosta-Valley-apartment-for-sale-le-45067-ch2-6-112-818x417.jpg"},"agent-image":{"file":"Valtournenche-Aosta-Valley-apartment-for-sale-le-45067-ch2-6-112-210x210.jpg","width":210,"height":210,"mime-type":"image\/jpeg","filesize":15032,"url":"https:\/\/liguriaestate.com\/wp-content\/uploads\/2023\/11\/Valtournenche-Aosta-Valley-apartment-for-sale-le-45067-ch2-6-112-210x210.jpg"},"partners-logo":{"file":"Valtournenche-Aosta-Valley-apartment-for-sale-le-45067-ch2-6-112-600x667.jpg","width":600,"height":667,"mime-type":"image\/jpeg","filesize":124185,"url":"https:\/\/liguriaestate.com\/wp-content\/uploads\/2023\/11\/Valtournenche-Aosta-Valley-apartment-for-sale-le-45067-ch2-6-112-600x667.jpg"}},"image_meta":{"aperture":"0","credit":"","camera":"","caption":"","created_timestamp":"0","copyright":"","focal_length":"0","iso":"0","shutter_speed":"0","title":"","orientation":"1","keywords":[]},"ID":"108029","name":"Valtournenche-Aosta-Valley-apartment-for-sale-le-45067-ch2-6-112.jpg","path":"\/home\/xitnef6\/domains\/liguriaestate.com\/public_html\/wp-content\/uploads\/2023\/11\/Valtournenche-Aosta-Valley-apartment-for-sale-le-45067-ch2-6-112.jpg","url":"https:\/\/liguriaestate.com\/wp-content\/uploads\/2023\/11\/Valtournenche-Aosta-Valley-apartment-for-sale-le-45067-ch2-6-112-150x150.jpg","full_url":"https:\/\/liguriaestate.com\/wp-content\/uploads\/2023\/11\/Valtournenche-Aosta-Valley-apartment-for-sale-le-45067-ch2-6-112.jpg","title":"Valtournenche-Aosta Valley-apartment-for-sale-le-45067-ch2-6-112","caption":"","description":"","alt":"","srcset":"https:\/\/liguriaestate.com\/wp-content\/uploads\/2023\/11\/Valtournenche-Aosta-Valley-apartment-for-sale-le-45067-ch2-6-112-150x150.jpg 150w, https:\/\/liguriaestate.com\/wp-content\/uploads\/2023\/11\/Valtournenche-Aosta-Valley-apartment-for-sale-le-45067-ch2-6-112-210x210.jpg 210w"},{"width":150,"height":150,"file":"2023\/11\/Valtournenche-Aosta-Valley-apartment-for-sale-le-45067-ch2-6-113.jpg","filesize":99037,"sizes":{"medium":{"file":"Valtournenche-Aosta-Valley-apartment-for-sale-le-45067-ch2-6-113-300x200.jpg","width":300,"height":200,"mime-type":"image\/jpeg","filesize":11358,"url":"https:\/\/liguriaestate.com\/wp-content\/uploads\/2023\/11\/Valtournenche-Aosta-Valley-apartment-for-sale-le-45067-ch2-6-113-300x200.jpg"},"thumbnail":{"file":"Valtournenche-Aosta-Valley-apartment-for-sale-le-45067-ch2-6-113-150x150.jpg","width":150,"height":150,"mime-type":"image\/jpeg","filesize":5974,"url":"https:\/\/liguriaestate.com\/wp-content\/uploads\/2023\/11\/Valtournenche-Aosta-Valley-apartment-for-sale-le-45067-ch2-6-113-150x150.jpg"},"medium_large":{"file":"Valtournenche-Aosta-Valley-apartment-for-sale-le-45067-ch2-6-113-768x512.jpg","width":768,"height":512,"mime-type":"image\/jpeg","filesize":50032,"url":"https:\/\/liguriaestate.com\/wp-content\/uploads\/2023\/11\/Valtournenche-Aosta-Valley-apartment-for-sale-le-45067-ch2-6-113-768x512.jpg"},"et-pb-post-main-image":{"file":"Valtournenche-Aosta-Valley-apartment-for-sale-le-45067-ch2-6-113-400x250.jpg","width":400,"height":250,"mime-type":"image\/jpeg","filesize":17744,"url":"https:\/\/liguriaestate.com\/wp-content\/uploads\/2023\/11\/Valtournenche-Aosta-Valley-apartment-for-sale-le-45067-ch2-6-113-400x250.jpg"},"et-pb-portfolio-image":{"file":"Valtournenche-Aosta-Valley-apartment-for-sale-le-45067-ch2-6-113-400x284.jpg","width":400,"height":284,"mime-type":"image\/jpeg","filesize":19298,"url":"https:\/\/liguriaestate.com\/wp-content\/uploads\/2023\/11\/Valtournenche-Aosta-Valley-apartment-for-sale-le-45067-ch2-6-113-400x284.jpg"},"et-pb-portfolio-module-image":{"file":"Valtournenche-Aosta-Valley-apartment-for-sale-le-45067-ch2-6-113-510x382.jpg","width":510,"height":382,"mime-type":"image\/jpeg","filesize":31374,"url":"https:\/\/liguriaestate.com\/wp-content\/uploads\/2023\/11\/Valtournenche-Aosta-Valley-apartment-for-sale-le-45067-ch2-6-113-510x382.jpg"},"et-pb-gallery-module-image-portrait":{"file":"Valtournenche-Aosta-Valley-apartment-for-sale-le-45067-ch2-6-113-400x516.jpg","width":400,"height":516,"mime-type":"image\/jpeg","filesize":31583,"url":"https:\/\/liguriaestate.com\/wp-content\/uploads\/2023\/11\/Valtournenche-Aosta-Valley-apartment-for-sale-le-45067-ch2-6-113-400x516.jpg"},"post-thumbnail":{"file":"Valtournenche-Aosta-Valley-apartment-for-sale-le-45067-ch2-6-113-150x100.jpg","width":150,"height":100,"mime-type":"image\/jpeg","filesize":3926,"url":"https:\/\/liguriaestate.com\/wp-content\/uploads\/2023\/11\/Valtournenche-Aosta-Valley-apartment-for-sale-le-45067-ch2-6-113-150x100.jpg"},"modern-property-child-slider":{"file":"Valtournenche-Aosta-Valley-apartment-for-sale-le-45067-ch2-6-113-680x510.jpg","width":680,"height":510,"mime-type":"image\/jpeg","filesize":49271,"url":"https:\/\/liguriaestate.com\/wp-content\/uploads\/2023\/11\/Valtournenche-Aosta-Valley-apartment-for-sale-le-45067-ch2-6-113-680x510.jpg"},"property-thumb-image":{"file":"Valtournenche-Aosta-Valley-apartment-for-sale-le-45067-ch2-6-113-488x326.jpg","width":488,"height":326,"mime-type":"image\/jpeg","filesize":24615,"url":"https:\/\/liguriaestate.com\/wp-content\/uploads\/2023\/11\/Valtournenche-Aosta-Valley-apartment-for-sale-le-45067-ch2-6-113-488x326.jpg"},"property-detail-video-image":{"file":"Valtournenche-Aosta-Valley-apartment-for-sale-le-45067-ch2-6-113-818x417.jpg","width":818,"height":417,"mime-type":"image\/jpeg","filesize":49194,"url":"https:\/\/liguriaestate.com\/wp-content\/uploads\/2023\/11\/Valtournenche-Aosta-Valley-apartment-for-sale-le-45067-ch2-6-113-818x417.jpg"},"agent-image":{"file":"Valtournenche-Aosta-Valley-apartment-for-sale-le-45067-ch2-6-113-210x210.jpg","width":210,"height":210,"mime-type":"image\/jpeg","filesize":10214,"url":"https:\/\/liguriaestate.com\/wp-content\/uploads\/2023\/11\/Valtournenche-Aosta-Valley-apartment-for-sale-le-45067-ch2-6-113-210x210.jpg"},"partners-logo":{"file":"Valtournenche-Aosta-Valley-apartment-for-sale-le-45067-ch2-6-113-600x667.jpg","width":600,"height":667,"mime-type":"image\/jpeg","filesize":64715,"url":"https:\/\/liguriaestate.com\/wp-content\/uploads\/2023\/11\/Valtournenche-Aosta-Valley-apartment-for-sale-le-45067-ch2-6-113-600x667.jpg"}},"image_meta":{"aperture":"0","credit":"","camera":"","caption":"","created_timestamp":"0","copyright":"","focal_length":"0","iso":"0","shutter_speed":"0","title":"","orientation":"0","keywords":[]},"ID":"109946","name":"Valtournenche-Aosta-Valley-apartment-for-sale-le-45067-ch2-6-113.jpg","path":"\/home\/xitnef6\/domains\/liguriaestate.com\/public_html\/wp-content\/uploads\/2023\/11\/Valtournenche-Aosta-Valley-apartment-for-sale-le-45067-ch2-6-113.jpg","url":"https:\/\/liguriaestate.com\/wp-content\/uploads\/2023\/11\/Valtournenche-Aosta-Valley-apartment-for-sale-le-45067-ch2-6-113-150x150.jpg","full_url":"https:\/\/liguriaestate.com\/wp-content\/uploads\/2023\/11\/Valtournenche-Aosta-Valley-apartment-for-sale-le-45067-ch2-6-113.jpg","title":"Valtournenche-Aosta Valley-apartment-for-sale-le-45067-ch2-6-113","caption":"","description":"","alt":"","srcset":"https:\/\/liguriaestate.com\/wp-content\/uploads\/2023\/11\/Valtournenche-Aosta-Valley-apartment-for-sale-le-45067-ch2-6-113-150x150.jpg 150w, https:\/\/liguriaestate.com\/wp-content\/uploads\/2023\/11\/Valtournenche-Aosta-Valley-apartment-for-sale-le-45067-ch2-6-113-210x210.jpg 210w"},{"width":150,"height":150,"file":"2023\/11\/Valtournenche-Aosta-Valley-apartment-for-sale-le-45067-ch2-6-114.jpg","filesize":98090,"sizes":{"medium":{"file":"Valtournenche-Aosta-Valley-apartment-for-sale-le-45067-ch2-6-114-300x200.jpg","width":300,"height":200,"mime-type":"image\/jpeg","filesize":10621,"url":"https:\/\/liguriaestate.com\/wp-content\/uploads\/2023\/11\/Valtournenche-Aosta-Valley-apartment-for-sale-le-45067-ch2-6-114-300x200.jpg"},"thumbnail":{"file":"Valtournenche-Aosta-Valley-apartment-for-sale-le-45067-ch2-6-114-150x150.jpg","width":150,"height":150,"mime-type":"image\/jpeg","filesize":5802,"url":"https:\/\/liguriaestate.com\/wp-content\/uploads\/2023\/11\/Valtournenche-Aosta-Valley-apartment-for-sale-le-45067-ch2-6-114-150x150.jpg"},"medium_large":{"file":"Valtournenche-Aosta-Valley-apartment-for-sale-le-45067-ch2-6-114-768x512.jpg","width":768,"height":512,"mime-type":"image\/jpeg","filesize":50331,"url":"https:\/\/liguriaestate.com\/wp-content\/uploads\/2023\/11\/Valtournenche-Aosta-Valley-apartment-for-sale-le-45067-ch2-6-114-768x512.jpg"},"et-pb-post-main-image":{"file":"Valtournenche-Aosta-Valley-apartment-for-sale-le-45067-ch2-6-114-400x250.jpg","width":400,"height":250,"mime-type":"image\/jpeg","filesize":17455,"url":"https:\/\/liguriaestate.com\/wp-content\/uploads\/2023\/11\/Valtournenche-Aosta-Valley-apartment-for-sale-le-45067-ch2-6-114-400x250.jpg"},"et-pb-portfolio-image":{"file":"Valtournenche-Aosta-Valley-apartment-for-sale-le-45067-ch2-6-114-400x284.jpg","width":400,"height":284,"mime-type":"image\/jpeg","filesize":18911,"url":"https:\/\/liguriaestate.com\/wp-content\/uploads\/2023\/11\/Valtournenche-Aosta-Valley-apartment-for-sale-le-45067-ch2-6-114-400x284.jpg"},"et-pb-portfolio-module-image":{"file":"Valtournenche-Aosta-Valley-apartment-for-sale-le-45067-ch2-6-114-510x382.jpg","width":510,"height":382,"mime-type":"image\/jpeg","filesize":31230,"url":"https:\/\/liguriaestate.com\/wp-content\/uploads\/2023\/11\/Valtournenche-Aosta-Valley-apartment-for-sale-le-45067-ch2-6-114-510x382.jpg"},"et-pb-gallery-module-image-portrait":{"file":"Valtournenche-Aosta-Valley-apartment-for-sale-le-45067-ch2-6-114-400x516.jpg","width":400,"height":516,"mime-type":"image\/jpeg","filesize":32233,"url":"https:\/\/liguriaestate.com\/wp-content\/uploads\/2023\/11\/Valtournenche-Aosta-Valley-apartment-for-sale-le-45067-ch2-6-114-400x516.jpg"},"post-thumbnail":{"file":"Valtournenche-Aosta-Valley-apartment-for-sale-le-45067-ch2-6-114-150x100.jpg","width":150,"height":100,"mime-type":"image\/jpeg","filesize":3687,"url":"https:\/\/liguriaestate.com\/wp-content\/uploads\/2023\/11\/Valtournenche-Aosta-Valley-apartment-for-sale-le-45067-ch2-6-114-150x100.jpg"},"modern-property-child-slider":{"file":"Valtournenche-Aosta-Valley-apartment-for-sale-le-45067-ch2-6-114-680x510.jpg","width":680,"height":510,"mime-type":"image\/jpeg","filesize":49671,"url":"https:\/\/liguriaestate.com\/wp-content\/uploads\/2023\/11\/Valtournenche-Aosta-Valley-apartment-for-sale-le-45067-ch2-6-114-680x510.jpg"},"property-thumb-image":{"file":"Valtournenche-Aosta-Valley-apartment-for-sale-le-45067-ch2-6-114-488x326.jpg","width":488,"height":326,"mime-type":"image\/jpeg","filesize":24755,"url":"https:\/\/liguriaestate.com\/wp-content\/uploads\/2023\/11\/Valtournenche-Aosta-Valley-apartment-for-sale-le-45067-ch2-6-114-488x326.jpg"},"property-detail-video-image":{"file":"Valtournenche-Aosta-Valley-apartment-for-sale-le-45067-ch2-6-114-818x417.jpg","width":818,"height":417,"mime-type":"image\/jpeg","filesize":48933,"url":"https:\/\/liguriaestate.com\/wp-content\/uploads\/2023\/11\/Valtournenche-Aosta-Valley-apartment-for-sale-le-45067-ch2-6-114-818x417.jpg"},"agent-image":{"file":"Valtournenche-Aosta-Valley-apartment-for-sale-le-45067-ch2-6-114-210x210.jpg","width":210,"height":210,"mime-type":"image\/jpeg","filesize":10313,"url":"https:\/\/liguriaestate.com\/wp-content\/uploads\/2023\/11\/Valtournenche-Aosta-Valley-apartment-for-sale-le-45067-ch2-6-114-210x210.jpg"},"partners-logo":{"file":"Valtournenche-Aosta-Valley-apartment-for-sale-le-45067-ch2-6-114-600x667.jpg","width":600,"height":667,"mime-type":"image\/jpeg","filesize":65203,"url":"https:\/\/liguriaestate.com\/wp-content\/uploads\/2023\/11\/Valtournenche-Aosta-Valley-apartment-for-sale-le-45067-ch2-6-114-600x667.jpg"}},"image_meta":{"aperture":"0","credit":"","camera":"","caption":"","created_timestamp":"0","copyright":"","focal_length":"0","iso":"0","shutter_speed":"0","title":"","orientation":"0","keywords":[]},"ID":"109949","name":"Valtournenche-Aosta-Valley-apartment-for-sale-le-45067-ch2-6-114.jpg","path":"\/home\/xitnef6\/domains\/liguriaestate.com\/public_html\/wp-content\/uploads\/2023\/11\/Valtournenche-Aosta-Valley-apartment-for-sale-le-45067-ch2-6-114.jpg","url":"https:\/\/liguriaestate.com\/wp-content\/uploads\/2023\/11\/Valtournenche-Aosta-Valley-apartment-for-sale-le-45067-ch2-6-114-150x150.jpg","full_url":"https:\/\/liguriaestate.com\/wp-content\/uploads\/2023\/11\/Valtournenche-Aosta-Valley-apartment-for-sale-le-45067-ch2-6-114.jpg","title":"Valtournenche-Aosta Valley-apartment-for-sale-le-45067-ch2-6-114","caption":"","description":"","alt":"","srcset":"https:\/\/liguriaestate.com\/wp-content\/uploads\/2023\/11\/Valtournenche-Aosta-Valley-apartment-for-sale-le-45067-ch2-6-114-150x150.jpg 150w, https:\/\/liguriaestate.com\/wp-content\/uploads\/2023\/11\/Valtournenche-Aosta-Valley-apartment-for-sale-le-45067-ch2-6-114-210x210.jpg 210w"}],"REAL_HOMES_change_gallery_slider_type":"0","REAL_HOMES_gallery_slider_type":"masonry-style","inspiry_floor_plans":[],"inspiry_video_group":[],"REAL_HOMES_360_virtual_tour":"","REAL_HOMES_agent_display_option":"none","REAL_HOMES_agents":[],"REAL_HOMES_energy_class":"A+","REAL_HOMES_energy_performance":"","REAL_HOMES_epc_current_rating":"","REAL_HOMES_epc_potential_rating":"","ere_property_schedule_tour":"global","ere_property_schedule_time_slots":"","ere_property_schedule_description":"","REAL_HOMES_sticky":"0","inspiry_property_label":"","inspiry_property_label_color":"","inspiry_property_tax":"0","inspiry_additional_fee":"0","REAL_HOMES_attachments":[],"inspiry_property_owner_name":"","inspiry_property_owner_contact":"","inspiry_property_owner_address":"","REAL_HOMES_property_private_note":"","inspiry_message_to_reviewer":"","REAL_HOMES_add_in_slider":"no","REAL_HOMES_slider_image":[],"REAL_HOMES_page_banner_image":[],"REAL_HOMES_custom_header_display":"default","REAL_HOMES_custom_header_position":"relative","REAL_HOMES_custom_footer_display":"default","REAL_HOMES_hide_advance_search":"0","REAL_HOMES_custom_search_form":"default","REAL_HOMES_search_form_margin_top":"","REAL_HOMES_search_form_margin_bottom":""},"_links":{"self":[{"href":"https:\/\/liguriaestate.com\/it\/wp-json\/wp\/v2\/property\/108036","targetHints":{"allow":["GET"]}}],"collection":[{"href":"https:\/\/liguriaestate.com\/it\/wp-json\/wp\/v2\/property"}],"about":[{"href":"https:\/\/liguriaestate.com\/it\/wp-json\/wp\/v2\/types\/property"}],"author":[{"embeddable":true,"href":"https:\/\/liguriaestate.com\/it\/wp-json\/wp\/v2\/users\/1"}],"version-history":[{"count":5,"href":"https:\/\/liguriaestate.com\/it\/wp-json\/wp\/v2\/property\/108036\/revisions"}],"predecessor-version":[{"id":114598,"href":"https:\/\/liguriaestate.com\/it\/wp-json\/wp\/v2\/property\/108036\/revisions\/114598"}],"wp:featuredmedia":[{"embeddable":true,"href":"https:\/\/liguriaestate.com\/it\/wp-json\/wp\/v2\/media\/108043"}],"wp:attachment":[{"href":"https:\/\/liguriaestate.com\/it\/wp-json\/wp\/v2\/media?parent=108036"}],"wp:term":[{"taxonomy":"property-feature","embeddable":true,"href":"https:\/\/liguriaestate.com\/it\/wp-json\/wp\/v2\/property-feature?post=108036"},{"taxonomy":"property-type","embeddable":true,"href":"https:\/\/liguriaestate.com\/it\/wp-json\/wp\/v2\/property-type?post=108036"},{"taxonomy":"property-city","embeddable":true,"href":"https:\/\/liguriaestate.com\/it\/wp-json\/wp\/v2\/property-city?post=108036"},{"taxonomy":"property-status","embeddable":true,"href":"https:\/\/liguriaestate.com\/it\/wp-json\/wp\/v2\/property-status?post=108036"}],"curies":[{"name":"wp","href":"https:\/\/api.w.org\/{rel}","templated":true}]}}